{"file_id":"F22","vid":"V988","name":"P8520S1","var_intrvl":"discrete","var_dcml":"0","var_wgt":null,"var_is_wgt":null,"loc_start_pos":"17","loc_end_pos":"17","loc_width":"1","loc_rec_seg_no":"1","labl":"Energ\u00eda el\u00e9ctrica","var_imputation":null,"var_security":"El acceso a microdatos y Mam-up se considera como de tratamiento especial respecto a la reserva estad\u00edstica por tanto estar\u00e1 sujeto a la reglamentaci\u00f3n que para el efecto defina el Comit\u00e9 de Aseguramiento de la reserva estad\u00edstica. Resoluci\u00f3n 173 de 2008.","var_resp_unit":"Jefe o jefa del hogar o su c\u00f3nyuge","var_analysis_unit":null,"var_qstn_preqtxt":"5. \u00bfCon cu\u00e1les de los siguientes servicios p\u00fablicos, privados o comunales cuenta la vivienda?","var_qstn_qstnlit":"5. \u00bfCon cu\u00e1les de los siguientes servicios p\u00fablicos, privados o comunales cuenta la vivienda?\n\n1. Energ\u00eda el\u00e9ctrica\n\n1\tS\u00ed\n2\tNo","var_qstn_postqtxt":"5. \u00bfCon cu\u00e1les de los siguientes servicios p\u00fablicos, privados o comunales cuenta la vivienda?\n\n1. Energ\u00eda el\u00e9ctrica\n\nEstrato para tarifa\n\n1\tBajo - Bajo\n2\tBajo\n3\tMedio - Bajo\n4\tMedio\n5\tMedio - Alto\n6\tAlto\n9\tNo conoce el estrato o no cuenta con recibo de pago.\n0\tRecibos sin estrato o el servicio es pirata","var_qstn_ivuinstr":"Energ\u00eda el\u00e9ctrica: Conexi\u00f3n a una red el\u00e9ctrica p\u00fablica o de propiedad de particulares. Aunque, la conexi\u00f3n sea pirata se considera que la vivienda cuenta con energ\u00eda el\u00e9ctrica, igualmente si cuenta con planta el\u00e9ctrica o una fuente de energ\u00eda solar o e\u00f3lica. \n\nCuando la vivienda cuente con energ\u00eda el\u00e9ctrica diligencie el estrato para la tarifa.","var_universe":"El universo para la Encuesta de Calidad de Vida est\u00e1 conformado por la poblaci\u00f3n civil no institucional residente en todo el territorio nacional. \n\nEste cap\u00edtulo va dirigido a todas las viviendas","var_universe_clusion":"I","var_sumstat":[{"value":"0","type":"vald","wgtd":null},{"value":"0","type":"invd","wgtd":null}],"var_txt":"Energ\u00eda el\u00e9ctrica: Conexi\u00f3n a una red el\u00e9ctrica p\u00fablica o de propiedad de particulares. Aunque, la conexi\u00f3n sea pi\u00adrata se considera que la vivienda cuenta con energ\u00eda el\u00e9ctrica, igualmente si cuenta con planta el\u00e9ctrica o una fuente de energ\u00eda solar o e\u00f3lica.","var_catgry":[{"value":"2","labl":"No","is_missing":null,"stats":[]},{"value":"1","labl":"S\u00ed","is_missing":null,"stats":[]}],"var_codinstr":null,"var_concept":[],"var_format":{"type":"numeric","schema":"other","category":null,"name":null},"var_notes":null,"var_val_range":{"min":"1","max":"2"},"fid":"F22","sid":"419","survey_idno":"DANE-DIMPE-ECV-2015"}