{"file_id":"F1","vid":"V45","name":"Pottcde","var_intrvl":"discrete","var_dcml":"0","var_wgt":null,"var_is_wgt":null,"loc_start_pos":"562","loc_end_pos":"567","loc_width":"6","loc_rec_seg_no":"1","labl":"Personal temporal directo","var_imputation":null,"var_security":"El acceso a microdatos y mam-up se considera como de tratamiento especial respecto a la reserva estad\u00edstica por tanto estar\u00e1 sujeto a la reglamentaci\u00f3n que para el efecto defina el comit\u00e9 de aseguramiento de la reserva estad\u00edstica. Resoluci\u00f3n 173 de 2008.","var_resp_unit":"Informante directo","var_analysis_unit":null,"var_qstn_preqtxt":"Tipo de vinculaci\u00f3n\n\n2. Permanentes (contrato a t\u00e9rmino indefino)\n\nn\u00famero de personas (promedio trimestral) ___","var_qstn_qstnlit":"Tipo de vinculaci\u00f3n\n\n3. Personal temporal contrado directamente por la empresa\n\nn\u00famero de personas (promedio trimestral) ___","var_qstn_postqtxt":"Tipo de vinculaci\u00f3n\n\n4. Personal temporal en misi\u00f3n en otras empresas (s\u00f3lo para empresas temporales)\n\nn\u00famero de personas (promedio trimestral) ___","var_qstn_ivuinstr":"Personal temporal contratado directamente por la empresa.\n\nCorresponde al personal contratado directamente por la empresa, por tiempo definido con una remuneraci\u00f3n pactada. Incluye el personal contratado a destajo, por horas o fines de semana, para desempe\u00f1ar labores de la actividad de servicios.","var_universe":"Est\u00e1 conformado por las empresas formalmente establecidas, residentes en el territorio nacional, cuya principal actividad es la prestaci\u00f3n de servicios excluyendo las empresas del estado.","var_universe_clusion":"I","var_sumstat":[{"value":"0","type":"vald","wgtd":null},{"value":"0","type":"invd","wgtd":null}],"var_txt":"Personal temporal contratado directamente por la empresa. Corresponde al personal contratado directamente por la empresa, por tiempo definido con una remuneraci\u00f3n pactada. Incluye el personal contratado a destajo, por horas o fines de semana, para desempe\u00f1ar labores de la actividad de servicios.","var_catgry":[],"var_codinstr":null,"var_concept":[],"var_format":{"type":"numeric","schema":"other","category":null,"name":null},"var_notes":null,"var_val_range":{"min":null,"max":null},"fid":"F1","sid":"42","survey_idno":"DANE- DIMPE - MTS - 2012"}