{"file_id":"F25","vid":"V1167","name":"P5676","var_intrvl":"discrete","var_dcml":null,"var_wgt":null,"var_is_wgt":null,"loc_start_pos":"114","loc_end_pos":"114","loc_width":"1","loc_rec_seg_no":"1","labl":"Qu\u00e9 tan satisfecho o insatisfecho est\u00e1 usted con los siguientes aspectos:","var_imputation":null,"var_security":"El acceso a microdatos y Mam-up se considera como de tratamiento especial respecto a la reserva estad\u00edstica por tanto estar\u00e1 sujeto a la reglamentaci\u00f3n que para el efecto defina el Comit\u00e9 de Aseguramiento de la reserva estad\u00edstica. Resoluci\u00f3n 173 de 2008.","var_resp_unit":"Jefe de hogar o su c\u00f3nyuge","var_analysis_unit":null,"var_qstn_preqtxt":"25. \u00bfCu\u00e1l fu\u00e9 la raz\u00f3n por la cual se instaur\u00f3 la acci\u00f3n de Tutela?\n\n1\tNo lo atendieron en una instituci\u00f3n de salud\n2\tNo le dieron los medicamentos\n3\tNo tiene dinero para pagar un tratamiento\n4\tNo est\u00e1 de acuerdo con el nivel de sisben asignado\n5\tNo est\u00e1 afiliado al sistema general de seguridad social en salud\n6\tOtra","var_qstn_qstnlit":"26.Qu\u00e9 tan satisfecho o insatisfecho est\u00e1 usted con los siguientes aspectos:","var_qstn_postqtxt":"26.Qu\u00e9 tan satisfecho o insatisfecho est\u00e1 usted con los siguientes aspectos:\n\n\n1. vida en general\t\n\n1. Muy insatisfecho\t\n2. Insatisfecho\t\n3. Satisfecho\t\n4. Muy satisfecho","var_qstn_ivuinstr":"La pregunta pretende indagar por la satisfacci\u00f3n actual que tiene el jefe del hogar o su c\u00f3nyuge con varios aspectos de su vida. Lea cada aspecto y las opciones de respuesta. Para cada uno seleccione la calificaci\u00f3n escogida por el encuestado.","var_universe":"El universo para la Encuesta de Calidad de Vida est\u00e1 conformado por la poblaci\u00f3n civil no institucional residente en todo el territorio nacional. \n\nEste cap\u00edtulo va dirigido a todos y cada uno de los hogares existentes en la vivienda.","var_universe_clusion":"I","var_sumstat":[{"value":"0","type":"vald","wgtd":null},{"value":"0","type":"invd","wgtd":null}],"var_txt":null,"var_catgry":[],"var_codinstr":null,"var_concept":[],"var_format":{"type":"character","schema":"other","category":null,"name":null},"var_notes":null,"var_val_range":{"min":null,"max":null},"fid":"F25","sid":"456","survey_idno":"DANE-DIMPE-ECV-2016"}