{"file_id":"F25","vid":"V1182","name":"P8658","var_intrvl":"discrete","var_dcml":"0","var_wgt":null,"var_is_wgt":null,"loc_start_pos":"129","loc_end_pos":"129","loc_width":"1","loc_rec_seg_no":"1","labl":"En los \u00faltimos 30 d\u00edas, por falta de dinero u otros recursos, \u00bfalguna vez en su hogar se quedaron sin alimentos?","var_imputation":null,"var_security":"El acceso a microdatos y Mam-up se considera como de tratamiento especial respecto a la reserva estad\u00edstica por tanto estar\u00e1 sujeto a la reglamentaci\u00f3n que para el efecto defina el Comit\u00e9 de Aseguramiento de la reserva estad\u00edstica. Resoluci\u00f3n 173 de 2008.","var_resp_unit":null,"var_analysis_unit":null,"var_qstn_preqtxt":"28. En los \u00faltimos 30 d\u00edas, por falta de dinero u otros recursos, \u00bfalguna vez usted se preocup\u00f3 porque los alimentos se acabaran en su hogar?\t\n\n1\tS\u00ed\t\n2\tNo","var_qstn_qstnlit":"29. En los \u00faltimos 30 d\u00edas, por falta de dinero u otros recursos, \u00bfalguna vez en su hogar se quedaron sin alimentos?\t\n\n1\tS\u00ed\t\n2\tNo","var_qstn_postqtxt":"30. En los \u00faltimos 30 d\u00edas, por falta de dinero u otros recursos, \u00bfalguna vez en su hogar dejaron de tener una alimentaci\u00f3n saludable?\t\n\n1\tS\u00ed\t\n2\tNo","var_qstn_ivuinstr":"Establece si durante los \u00faltimos 30 d\u00edas por falta de dinero u otros recursos el hogar no tuvo alimentos para comer.","var_universe":"El universo para la Encuesta de Calidad de Vida est\u00e1 conformado por la poblaci\u00f3n civil no institucional residente en todo el territorio nacional.","var_universe_clusion":"I","var_sumstat":[{"value":"0","type":"vald","wgtd":null},{"value":"0","type":"invd","wgtd":null}],"var_txt":null,"var_catgry":[{"value":"1","labl":"S\u00ed","is_missing":null,"stats":[]},{"value":"2","labl":"No","is_missing":null,"stats":[]}],"var_codinstr":null,"var_concept":[],"var_format":{"type":"numeric","schema":"other","category":null,"name":null},"var_notes":null,"var_val_range":{"min":null,"max":null},"fid":"F25","sid":"456","survey_idno":"DANE-DIMPE-ECV-2016"}