{"file_id":"F25","vid":"V1184","name":"P5508","var_intrvl":"discrete","var_dcml":"0","var_wgt":null,"var_is_wgt":null,"loc_start_pos":"131","loc_end_pos":"131","loc_width":"1","loc_rec_seg_no":"1","labl":"En los \u00faltimos 30 d\u00edas, por falta de dinero u otros recursos, \u00bfalguna vez usted o alg\u00fan adulto en su hogar tuvo una alimentaci\u00f3n basada en poca variedad de alimentos?","var_imputation":null,"var_security":"El acceso a microdatos y Mam-up se considera como de tratamiento especial respecto a la reserva estad\u00edstica por tanto estar\u00e1 sujeto a la reglamentaci\u00f3n que para el efecto defina el Comit\u00e9 de Aseguramiento de la reserva estad\u00edstica. Resoluci\u00f3n 173 de 2008.","var_resp_unit":null,"var_analysis_unit":null,"var_qstn_preqtxt":"30. En los \u00faltimos 30 d\u00edas, por falta de dinero u otros recursos, \u00bfalguna vez en su hogar dejaron de tener una alimentaci\u00f3n saludable?\t\n\n1\tS\u00ed\t\n2\tNo","var_qstn_qstnlit":"31. En los \u00faltimos 30 d\u00edas, por falta de dinero u otros recursos, \u00bfalguna vez usted o alg\u00fan adulto en su hogar tuvo una alimentaci\u00f3n basada en poca variedad de alimentos?\t\n\n1\tS\u00ed\t\n2\tNo","var_qstn_postqtxt":null,"var_qstn_ivuinstr":"La pregunta establece si, a criterio del encuestado, en los \u00faltimos 30 d\u00edas debido a falta de dinero u otros recursos, la alimentaci\u00f3n del hogar fue mon\u00f3tona, es decir compuesta por pocos alimentos diferentes. \n\nNota: Si el encuestado en lugar de responder Si o No, informa sobre el tipo de alimentos que consumi\u00f3, es necesario preguntarle nuevamente si cree que fue poca variedad.","var_universe":"El universo para la Encuesta de Calidad de Vida est\u00e1 conformado por la poblaci\u00f3n civil no institucional residente en todo el territorio nacional.","var_universe_clusion":"I","var_sumstat":[{"value":"0","type":"vald","wgtd":null},{"value":"0","type":"invd","wgtd":null}],"var_txt":null,"var_catgry":[{"value":"1","labl":"S\u00ed","is_missing":null,"stats":[]},{"value":"2","labl":"No","is_missing":null,"stats":[]}],"var_codinstr":null,"var_concept":[],"var_format":{"type":"numeric","schema":"other","category":null,"name":null},"var_notes":null,"var_val_range":{"min":null,"max":null},"fid":"F25","sid":"456","survey_idno":"DANE-DIMPE-ECV-2016"}