{"file_id":"F36","vid":"V1858","name":"P1692S14","var_intrvl":"discrete","var_dcml":"0","var_wgt":null,"var_is_wgt":null,"loc_start_pos":"48","loc_end_pos":"50","loc_width":"3","loc_rec_seg_no":"1","labl":"Seleccione el problema con LA COMPRA DE PRODUCTOS, PRESTACI\u00d3N DE SERVICIOS DE TELEFON\u00cdA Y TRANSPORTE P\u00daBLICO que usted considera m\u00e1s antiguo","var_imputation":null,"var_security":"El acceso a microdatos y Mam-up se considera como de tratamiento especial respecto a la reserva estad\u00edstica por tanto estar\u00e1 sujeto a la reglamentaci\u00f3n que para el efecto defina el Comit\u00e9 de Aseguramiento de la reserva estad\u00edstica. Resoluci\u00f3n 173 de 2008.","var_resp_unit":"Las personas de 18 a\u00f1os y m\u00e1s suministrar\u00e1n la informaci\u00f3n directamente","var_analysis_unit":null,"var_qstn_preqtxt":"Seleccione el problema con LA TENENCIA DE TIERRAS O EL CAMPO que usted considera m\u00e1s antiguo\n\n131\tAdjudicaci\u00f3n o titulaci\u00f3n de tierras.\t\n132\t Servidumbres sobre un predio (de paso, de agua, de servicios p\u00fablicos, etc.), mojones o linderos.\t\n133\tOcupaci\u00f3n indebida\/Invasi\u00f3n de un terreno (particular o del Estado) por parte de terceros.\t\n134\t Recuperaci\u00f3n de terrenos.\t\n135\t Extinci\u00f3n del dominio sobre un terreno.","var_qstn_qstnlit":"Seleccione el problema con LA COMPRA DE PRODUCTOS, PRESTACI\u00d3N DE SERVICIOS DE TELEFON\u00cdA Y TRANSPORTE P\u00daBLICO que usted considera m\u00e1s antiguo\n\n141\tMala calidad de los productos o servicios adquiridos.\t\n142\tIncumplimiento de contratos o garant\u00edas de productos o servicios.\t\n143\tCentrales de riesgo, bancos u otras entidades por el manejo de sus datos personales.\t\n144\tTelefon\u00eda celular, televisi\u00f3n por cable o internet.\t\n145\tPrestaci\u00f3n de los servicios de transporte p\u00fablico (buses, taxis) o choques de tr\u00e1nsito.","var_qstn_postqtxt":"Seleccione el problema con EL MEDIO AMBIENTE O EL ESPACIO P\u00daBLICO que usted considera m\u00e1s antiguo\n\n151\t Invasi\u00f3n, ocupaci\u00f3n indebida o mal uso de espacios de uso com\u00fan (parques, calles, plazas).\t\n152\tObras p\u00fablicas (rampas, se\u00f1alizaci\u00f3n, puentes peatonales, licencias).\t\n153\tImpacto ambiental en la actividad minero-energ\u00e9tica.\t\n154\tContaminaci\u00f3n o deforestaci\u00f3n ambiental (fumigaciones, tala de \u00e1rboles, aguas, incendios, pesca).","var_qstn_ivuinstr":"A partir de esta pregunta, comienza el ciclo corto de caracterizaci\u00f3n de los problemas identificados en la pregunta K1 \"Durante los \u00faltimos 24 meses \u00bf\u2026 ha tenido problemas con:\" que no fueron priorizados en la pregunta K2 \"De los anteriores problemas, \u00bfcu\u00e1l fue el primero que le ocurri\u00f3 o el m\u00e1s antiguo?\". Como m\u00e1ximo se incluir\u00e1n 10 problemas. Si vienen registrados m\u00e1s de 10 problemas se deben relacionar en esta pregunta los diez m\u00e1s antiguos.  \n\n\nPara cada problema incluido en la ruta, se realizaran las siguientes cuatro preguntas.","var_universe":"El universo para la Encuesta de Calidad de Vida est\u00e1 conformado por la poblaci\u00f3n civil no institucional residente en todo el territorio nacional. \n\nEste cap\u00edtulo va dirigido a todas las personas las personas de 18 a\u00f1os y m\u00e1s.","var_universe_clusion":"I","var_sumstat":[{"value":"0","type":"vald","wgtd":null},{"value":"0","type":"invd","wgtd":null}],"var_txt":null,"var_catgry":[{"value":"145","labl":"Prestaci\u00f3n de los servicios de transporte p\u00fablico (buses, taxis) o choques de tr\u00e1nsito.","is_missing":null,"stats":[]},{"value":"144","labl":"Telefon\u00eda celular, televisi\u00f3n por cable o internet.","is_missing":null,"stats":[]},{"value":"143","labl":"Centrales de riesgo, bancos u otras entidades por el manejo de sus datos personales.","is_missing":null,"stats":[]},{"value":"142","labl":"Incumplimiento de contratos o garant\u00edas de productos o servicios.","is_missing":null,"stats":[]},{"value":"141","labl":"Mala calidad de los productos o servicios adquiridos.","is_missing":null,"stats":[]}],"var_codinstr":null,"var_concept":[],"var_format":{"type":"numeric","schema":"other","category":null,"name":null},"var_notes":null,"var_val_range":{"min":null,"max":null},"fid":"F36","sid":"456","survey_idno":"DANE-DIMPE-ECV-2016"}