{"file_id":"F36","vid":"V1868","name":"P1693","var_intrvl":"discrete","var_dcml":"0","var_wgt":null,"var_is_wgt":null,"loc_start_pos":"54","loc_end_pos":"54","loc_width":"1","loc_rec_seg_no":"1","labl":"\u00bfFrente a este problema qu\u00e9 acci\u00f3n tom\u00f3?","var_imputation":null,"var_security":"El acceso a microdatos y Mam-up se considera como de tratamiento especial respecto a la reserva estad\u00edstica por tanto estar\u00e1 sujeto a la reglamentaci\u00f3n que para el efecto defina el Comit\u00e9 de Aseguramiento de la reserva estad\u00edstica. Resoluci\u00f3n 173 de 2008.","var_resp_unit":"Las personas de 18 a\u00f1os y m\u00e1s suministrar\u00e1n la informaci\u00f3n directamente","var_analysis_unit":null,"var_qstn_preqtxt":"Seleccione el problema con EL MEDIO AMBIENTE O EL ESPACIO P\u00daBLICO que usted considera m\u00e1s antiguo\n\n151\t Invasi\u00f3n, ocupaci\u00f3n indebida o mal uso de espacios de uso com\u00fan (parques, calles, plazas).\t\n152\tObras p\u00fablicas (rampas, se\u00f1alizaci\u00f3n, puentes peatonales, licencias).\t\n153\tImpacto ambiental en la actividad minero-energ\u00e9tica.\t\n154\tContaminaci\u00f3n o deforestaci\u00f3n ambiental (fumigaciones, tala de \u00e1rboles, aguas, incendios, pesca).","var_qstn_qstnlit":"24. \u00bfFrente a este problema qu\u00e9 acci\u00f3n tom\u00f3?\n\n1\t Acudi\u00f3 a una instituci\u00f3n o persona particular \t\n2\tIntent\u00f3 llegar a un acuerdo pac\u00edfico con quien tuvo el problema\t\n3\t Actu\u00f3 de forma violenta \t\n4\tAcudi\u00f3 a un actor ilegal \t\n5\t No hizo nada","var_qstn_postqtxt":"25. \u00bfCu\u00e1les fueron las personas, instituciones o autoridades a las que acudi\u00f3 para solucionar el problema?","var_qstn_ivuinstr":"El objetivo de la pregunta es conocer que hizo la persona para solucionar este problema. Como la persona pudo haber utilizado diferentes caminos para resolver un conflicto, en la encuesta se registrar\u00e1  la \u00faltima acci\u00f3n que haya tomado.\n\nTenga en cuenta las instrucciones dadas para la pregunta K3.\n\nSi la persona responde la opci\u00f3n 1 \u201cAcudi\u00f3 a una instituci\u00f3n o persona particular\u201d contin\u00fae, para las otras opciones de respuesta pase a la pregunta K27.","var_universe":"El universo para la Encuesta de Calidad de Vida est\u00e1 conformado por la poblaci\u00f3n civil no institucional residente en todo el territorio nacional. \n\nEste cap\u00edtulo va dirigido a todas las personas las personas de 18 a\u00f1os y m\u00e1s.","var_universe_clusion":"I","var_sumstat":[{"value":"0","type":"vald","wgtd":null},{"value":"0","type":"invd","wgtd":null}],"var_txt":null,"var_catgry":[{"value":"5","labl":"No hizo nada","is_missing":null,"stats":[]},{"value":"4","labl":"Acudi\u00f3 a un actor ilegal","is_missing":null,"stats":[]},{"value":"3","labl":"Actu\u00f3 de forma violenta","is_missing":null,"stats":[]},{"value":"2","labl":"Intent\u00f3 llegar a un acuerdo pac\u00edfico con quien tuvo el problema","is_missing":null,"stats":[]},{"value":"1","labl":"Acudi\u00f3 a una instituci\u00f3n o persona particular","is_missing":null,"stats":[]}],"var_codinstr":null,"var_concept":[],"var_format":{"type":"numeric","schema":"other","category":null,"name":null},"var_notes":null,"var_val_range":{"min":null,"max":null},"fid":"F36","sid":"456","survey_idno":"DANE-DIMPE-ECV-2016"}