{"file_id":"F36","vid":"V1891","name":"P1694S3","var_intrvl":"discrete","var_dcml":"0","var_wgt":null,"var_is_wgt":null,"loc_start_pos":"58","loc_end_pos":"58","loc_width":"1","loc_rec_seg_no":"1","labl":"Jueces de Paz","var_imputation":null,"var_security":"El acceso a microdatos y Mam-up se considera como de tratamiento especial respecto a la reserva estad\u00edstica por tanto estar\u00e1 sujeto a la reglamentaci\u00f3n que para el efecto defina el Comit\u00e9 de Aseguramiento de la reserva estad\u00edstica. Resoluci\u00f3n 173 de 2008.","var_resp_unit":"Las personas de 18 a\u00f1os y m\u00e1s suministrar\u00e1n la informaci\u00f3n directamente","var_analysis_unit":null,"var_qstn_preqtxt":"25. \u00bfCu\u00e1les fueron las personas, instituciones o autoridades a las que acudi\u00f3 para solucionar el problema?\n\nJueces","var_qstn_qstnlit":"25. \u00bfCu\u00e1les fueron las personas, instituciones o autoridades a las que acudi\u00f3 para solucionar el problema?\n\nJueces de Paz","var_qstn_postqtxt":"25. \u00bfCu\u00e1les fueron las personas, instituciones o autoridades a las que acudi\u00f3 para solucionar el problema?\n\nJurisdicci\u00f3n ind\u00edgena","var_qstn_ivuinstr":"Esta pregunta es solo para las personas que en la pregunta anterior optaron por la opci\u00f3n 1 \"acudi\u00f3 a una instituci\u00f3n o persona particular\". La pregunta busca conocer las diferentes opciones institucionales o no, a las cuales la persona recurri\u00f3 para dar soluci\u00f3n al problema que lo afect\u00f3.\n\nEspere respuesta, la pregunta es de selecci\u00f3n m\u00faltiple. \n\nSi el encuestado solo selecciona una de las opciones, pase a la pregunta K27.","var_universe":"El universo para la Encuesta de Calidad de Vida est\u00e1 conformado por la poblaci\u00f3n civil no institucional residente en todo el territorio nacional. \n\nEste cap\u00edtulo va dirigido a todas las personas las personas de 18 a\u00f1os y m\u00e1s.","var_universe_clusion":"I","var_sumstat":[{"value":"0","type":"vald","wgtd":null},{"value":"0","type":"invd","wgtd":null}],"var_txt":null,"var_catgry":[{"value":"1","labl":"Jueces de Paz","is_missing":null,"stats":[]}],"var_codinstr":null,"var_concept":[],"var_format":{"type":"numeric","schema":"other","category":null,"name":null},"var_notes":null,"var_val_range":{"min":null,"max":null},"fid":"F36","sid":"456","survey_idno":"DANE-DIMPE-ECV-2016"}