{"file_id":"F36","vid":"V1898","name":"P1695","var_intrvl":"discrete","var_dcml":"0","var_wgt":null,"var_is_wgt":null,"loc_start_pos":"84","loc_end_pos":"85","loc_width":"2","loc_rec_seg_no":"1","labl":"\u00bfCu\u00e1l fue la \u00faltima persona, autoridad o instituci\u00f3n a la que acudi\u00f3?","var_imputation":null,"var_security":"El acceso a microdatos y Mam-up se considera como de tratamiento especial respecto a la reserva estad\u00edstica por tanto estar\u00e1 sujeto a la reglamentaci\u00f3n que para el efecto defina el Comit\u00e9 de Aseguramiento de la reserva estad\u00edstica. Resoluci\u00f3n 173 de 2008.","var_resp_unit":"Las personas de 18 a\u00f1os y m\u00e1s suministrar\u00e1n la informaci\u00f3n directamente","var_analysis_unit":null,"var_qstn_preqtxt":"25. \u00bfCu\u00e1les fueron las personas, instituciones o autoridades a las que acudi\u00f3 para solucionar el problema?\n\nOtro","var_qstn_qstnlit":"26. \u00bfCu\u00e1l fue la \u00faltima persona, autoridad o instituci\u00f3n a la que acudi\u00f3?\n\n1\tFiscal\u00eda General de la Naci\u00f3n\t\n2\tueces \t\n3\tueces de Paz\t\n4\t Jurisdicci\u00f3n ind\u00edgena\t\n5\t Casas de justicia o centro de convivencia ciudadana.\t\n6\t Inspecciones de trabajo\t\n7\tComisarias de Familia\t\n8\tDefensor\u00eda de Familia (ICBF)\t\n9\t Inspecci\u00f3n de Polic\u00eda\t\n10\t Corregidor\t\n11\t Personer\u00eda\t\n12\t Procuradur\u00eda General de la Naci\u00f3n\t\n13\tDefensor\u00eda del Pueblo\t\n14\tSuperintendencias\t\n15\t CAI o estaci\u00f3n de polic\u00eda\t\n16\tAutoridades de tr\u00e1nsito\t\n17\tAlcald\u00eda\t\n18\tConciliador en equidad\t\n19\tCentros de conciliaci\u00f3n y arbitraje\t\n2\tNotar\u00eda\t\n21\tConsultor\u00edos jur\u00eddico\t\n22\tDefensor del cliente\t\n23\tAbogado\t\n24\tL\u00edderes religiosos\t\n25\tJuntas de Acci\u00f3n Comunal\t\n26\tJusticia comunitaria\t\n27\tFamiliares o amigos\t\n28\tOtro","var_qstn_postqtxt":"27. \u00bfEl problema de  ...  se solucion\u00f3?\n\n1\tS\u00ed\t\n2\tNo","var_qstn_ivuinstr":"Esta pregunta es solo para las personas que en la pregunta anterior manifestaron haber acudido a m\u00e1s de un tercero para solucionar el problema. La pregunta busca identificar entre los terceros a los cuales recurri\u00f3, cu\u00e1l fue el \u00faltimo al que acudi\u00f3 para solucionar el problema.\n\nDe los terceros registrados en la pregunta anterior, seleccione solo uno. Si en la pregunta anterior, solo selecciona una opci\u00f3n, se omite esta pregunta y se asume como la \u00faltima instancia a la que acudi\u00f3.","var_universe":"El universo para la Encuesta de Calidad de Vida est\u00e1 conformado por la poblaci\u00f3n civil no institucional residente en todo el territorio nacional. \n\nEste cap\u00edtulo va dirigido a todas las personas las personas de 18 a\u00f1os y m\u00e1s.","var_universe_clusion":"I","var_sumstat":[{"value":"0","type":"vald","wgtd":null},{"value":"0","type":"invd","wgtd":null}],"var_txt":null,"var_catgry":[{"value":"28","labl":"Otro","is_missing":null,"stats":[]},{"value":"27","labl":"Familiares o amigos","is_missing":null,"stats":[]},{"value":"26","labl":"Justicia comunitaria","is_missing":null,"stats":[]},{"value":"25","labl":"Juntas de Acci\u00f3n Comunal","is_missing":null,"stats":[]},{"value":"24","labl":"L\u00edderes religiosos","is_missing":null,"stats":[]},{"value":"23","labl":"Abogado","is_missing":null,"stats":[]},{"value":"22","labl":"Defensor del cliente","is_missing":null,"stats":[]},{"value":"21","labl":"Consultor\u00edos jur\u00eddico","is_missing":null,"stats":[]},{"value":"19","labl":"Centros de conciliaci\u00f3n y arbitraje","is_missing":null,"stats":[]},{"value":"18","labl":"Conciliador en equidad","is_missing":null,"stats":[]},{"value":"17","labl":"Alcald\u00eda","is_missing":null,"stats":[]},{"value":"16","labl":"Autoridades de tr\u00e1nsito","is_missing":null,"stats":[]},{"value":"15","labl":"CAI o estaci\u00f3n de polic\u00eda","is_missing":null,"stats":[]},{"value":"14","labl":"Superintendencias","is_missing":null,"stats":[]},{"value":"13","labl":"Defensor\u00eda del Pueblo","is_missing":null,"stats":[]},{"value":"12","labl":"Procuradur\u00eda General de la Naci\u00f3n","is_missing":null,"stats":[]},{"value":"11","labl":"Personer\u00eda","is_missing":null,"stats":[]},{"value":"10","labl":"Corregidor","is_missing":null,"stats":[]},{"value":"9","labl":"Inspecci\u00f3n de Polic\u00eda","is_missing":null,"stats":[]},{"value":"8","labl":"Defensor\u00eda de Familia (ICBF)","is_missing":null,"stats":[]},{"value":"7","labl":"Comisarias de Familia","is_missing":null,"stats":[]},{"value":"6","labl":"Inspecciones de trabajo","is_missing":null,"stats":[]},{"value":"5","labl":"Casas de justicia o centro de convivencia ciudadana.","is_missing":null,"stats":[]},{"value":"4","labl":"Jurisdicci\u00f3n ind\u00edgena","is_missing":null,"stats":[]},{"value":"3","labl":"ueces de Paz","is_missing":null,"stats":[]},{"value":"2","labl":"Notar\u00eda","is_missing":null,"stats":[]},{"value":"1","labl":"Fiscal\u00eda General de la Naci\u00f3n","is_missing":null,"stats":[]}],"var_codinstr":null,"var_concept":[],"var_format":{"type":"numeric","schema":"other","category":null,"name":null},"var_notes":null,"var_val_range":{"min":null,"max":null},"fid":"F36","sid":"456","survey_idno":"DANE-DIMPE-ECV-2016"}