{"file_id":"F37","vid":"V2002","name":"P1671S2","var_intrvl":"discrete","var_dcml":"0","var_wgt":null,"var_is_wgt":null,"loc_start_pos":"106","loc_end_pos":"107","loc_width":"2","loc_rec_seg_no":"1","labl":"Seleccione el problema con LA PRESTACI\u00d3N DE SERVICIOS P\u00daBLICOS DOMICILIARIOS que usted considera m\u00e1s antiguo","var_imputation":null,"var_security":"El acceso a microdatos y Mam-up se considera como de tratamiento especial respecto a la reserva estad\u00edstica por tanto estar\u00e1 sujeto a la reglamentaci\u00f3n que para el efecto defina el Comit\u00e9 de Aseguramiento de la reserva estad\u00edstica. Resoluci\u00f3n 173 de 2008.","var_resp_unit":"Las personas de 18 a\u00f1os y m\u00e1s suministrar\u00e1n la informaci\u00f3n directamente","var_analysis_unit":null,"var_qstn_preqtxt":"Seleccione el problema con FAMILIARES que usted considera m\u00e1s antiguo\n\n11\tSeparaci\u00f3n, divorcio, liquidaci\u00f3n de bienes o reconocimiento de uni\u00f3n libre.\t\n12\t Paternidad \/maternidad o adopci\u00f3n.\t\n13\t Cuota de alimentos, custodia, patria potestad,  visitas.\t\n14\tAmenazas o violencia contra mujeres o contra hombres y abuso sexual cometido por miembros de la familia.\t\n15\tHerencias, sucesiones, testamentos","var_qstn_qstnlit":"Seleccione el problema con LA PRESTACI\u00d3N DE SERVICIOS P\u00daBLICOS DOMICILIARIOS que usted considera m\u00e1s antiguo\n\n21\tInstalaci\u00f3n, carencia o desconexi\u00f3n.\t\n22\tInadecuada prestaci\u00f3n del servicio.\t\n23\t Facturaci\u00f3n o tarifa.\t\n24\tInstalaci\u00f3n o uso ilegal.","var_qstn_postqtxt":"Seleccione el problema con SUS VECINOS que usted considera m\u00e1s antiguo\n\n31\tRuidos, malos olores, basuras.\t\n32\tMascotas, robo de ganado u otros animales.\t\n33\t Rumores, chismes.\t\n34\t Da\u00f1os a cultivos.","var_qstn_ivuinstr":"Con la pregunta se busca priorizar la necesidad jur\u00eddica (problema) m\u00e1s antigua, con el fin de desarrollar la ruta completa que tom\u00f3 la persona para la soluci\u00f3n de esta necesidad jur\u00eddica. El prop\u00f3sito de priorizar el primer problema que le ocurri\u00f3\/el m\u00e1s antiguo es que para \u00e9ste problema se puede tener una mejor trazabilidad durante los 24 meses propuestos como periodo de referencia para la ocurrencia de la necesidad jur\u00eddica.\n\nNota\n\nHasta la pregunta K22 se preguntar\u00e1 lo sucedido con el problema priorizado (el m\u00e1s antiguo). Es muy importante que el recolector solicite a la persona encuestada recordar todo lo sucedido en relaci\u00f3n con este hecho.","var_universe":"El universo para la Encuesta de Calidad de Vida est\u00e1 conformado por la poblaci\u00f3n civil no institucional residente en todo el territorio nacional. \n\nEste cap\u00edtulo va dirigido a todas las personas las personas de 18 a\u00f1os y m\u00e1s.","var_universe_clusion":"I","var_sumstat":[{"value":"0","type":"vald","wgtd":null},{"value":"0","type":"invd","wgtd":null}],"var_txt":null,"var_catgry":[{"value":"24","labl":"Instalaci\u00f3n o uso ilegal.","is_missing":null,"stats":[]},{"value":"23","labl":"Facturaci\u00f3n o tarifa.","is_missing":null,"stats":[]},{"value":"22","labl":"Inadecuada prestaci\u00f3n del servicio.","is_missing":null,"stats":[]},{"value":"21","labl":"Instalaci\u00f3n, carencia o desconexi\u00f3n.","is_missing":null,"stats":[]}],"var_codinstr":null,"var_concept":[],"var_format":{"type":"numeric","schema":"other","category":null,"name":null},"var_notes":null,"var_val_range":{"min":null,"max":null},"fid":"F37","sid":"456","survey_idno":"DANE-DIMPE-ECV-2016"}