{"file_id":"F37","vid":"V2007","name":"P1671S7","var_intrvl":"discrete","var_dcml":"0","var_wgt":null,"var_is_wgt":null,"loc_start_pos":"116","loc_end_pos":"117","loc_width":"2","loc_rec_seg_no":"1","labl":"Seleccione el problema con LA PRESTACI\u00d3N SE SERVICIOS DE EDUCACI\u00d3N que usted considera m\u00e1s antiguo","var_imputation":null,"var_security":"El acceso a microdatos y Mam-up se considera como de tratamiento especial respecto a la reserva estad\u00edstica por tanto estar\u00e1 sujeto a la reglamentaci\u00f3n que para el efecto defina el Comit\u00e9 de Aseguramiento de la reserva estad\u00edstica. Resoluci\u00f3n 173 de 2008.","var_resp_unit":"Las personas de 18 a\u00f1os y m\u00e1s suministrar\u00e1n la informaci\u00f3n directamente","var_analysis_unit":null,"var_qstn_preqtxt":"Seleccione el problema con SU EMPLEADOR, EN SU LUGAR DE TRABAJO O LABORALES que usted considera m\u00e1s antiguo\n\n61\tRemuneraci\u00f3n o pago de salario o jornal y prestaciones sociales (vacaciones, horas extras, cesant\u00edas, primas).\t\n62\tReconocimiento, despido y liquidaci\u00f3n del contrato laboral.\t\n63\tCondiciones en el ejercicio del trabajo, lugar de trabajo, dotaci\u00f3n, accidentes de trabajo.\t\n64\tSindicatos, huelgas o convenciones laborales.\t\n65\tMaltrato, agresiones en el trabajo, ambiente laboral y acoso laboral.","var_qstn_qstnlit":"Seleccione el problema con LA PRESTACI\u00d3N SE SERVICIOS DE EDUCACI\u00d3N que usted considera m\u00e1s antiguo\n\n71\tInscripci\u00f3n y entrada a instituci\u00f3n educativa.\t\n72\tExigencia de \u00fatiles escolares.\t\n73\tCalidad, negaci\u00f3n u oportunidad del servicio   (negaci\u00f3n por no pago de matr\u00edcula, paros, insuficiencia de maestros, instalaciones, disponibilidad de ruta escolar).\t\n74\tMaltrato escolar, matoneo, ri\u00f1as escolares, sanciones.","var_qstn_postqtxt":"Seleccione el problema con DEUDAS que usted considera m\u00e1s antiguo\n\n81\tDeudas con otras personas (letras de cambio, pagar\u00e9, otros).\t\n82\tTarjetas de cr\u00e9dito, deudas con bancos u otras entidades financieras.\t\n83\tUsura o intereses elevados.\t\n84\tQuiebra o insolvencia.\t\n85\tEmbargos, hipotecas.","var_qstn_ivuinstr":"Con la pregunta se busca priorizar la necesidad jur\u00eddica (problema) m\u00e1s antigua, con el fin de desarrollar la ruta completa que tom\u00f3 la persona para la soluci\u00f3n de esta necesidad jur\u00eddica. El prop\u00f3sito de priorizar el primer problema que le ocurri\u00f3\/el m\u00e1s antiguo es que para \u00e9ste problema se puede tener una mejor trazabilidad durante los 24 meses propuestos como periodo de referencia para la ocurrencia de la necesidad jur\u00eddica.\n\nNota\n\nHasta la pregunta K22 se preguntar\u00e1 lo sucedido con el problema priorizado (el m\u00e1s antiguo). Es muy importante que el recolector solicite a la persona encuestada recordar todo lo sucedido en relaci\u00f3n con este hecho.","var_universe":"El universo para la Encuesta de Calidad de Vida est\u00e1 conformado por la poblaci\u00f3n civil no institucional residente en todo el territorio nacional. \n\nEste cap\u00edtulo va dirigido a todas las personas las personas de 18 a\u00f1os y m\u00e1s.","var_universe_clusion":"I","var_sumstat":[{"value":"0","type":"vald","wgtd":null},{"value":"0","type":"invd","wgtd":null}],"var_txt":null,"var_catgry":[{"value":"74","labl":"Maltrato escolar, matoneo, ri\u00f1as escolares, sanciones.","is_missing":null,"stats":[]},{"value":"73","labl":"Calidad, negaci\u00f3n u oportunidad del servicio   (negaci\u00f3n por no pago de matr\u00edcula, paros, insuficiencia de maestros, instalaciones, disponibilidad de ruta escolar).","is_missing":null,"stats":[]},{"value":"72","labl":"Exigencia de \u00fatiles escolares.","is_missing":null,"stats":[]},{"value":"71","labl":"Inscripci\u00f3n y entrada a instituci\u00f3n educativa.","is_missing":null,"stats":[]}],"var_codinstr":null,"var_concept":[],"var_format":{"type":"numeric","schema":"other","category":null,"name":null},"var_notes":null,"var_val_range":{"min":null,"max":null},"fid":"F37","sid":"456","survey_idno":"DANE-DIMPE-ECV-2016"}