{"file_id":"F37","vid":"V2010","name":"P1672","var_intrvl":"discrete","var_dcml":"0","var_wgt":null,"var_is_wgt":null,"loc_start_pos":"140","loc_end_pos":"140","loc_width":"1","loc_rec_seg_no":"1","labl":"\u00bfFrente a este problema qu\u00e9 acci\u00f3n tom\u00f3?","var_imputation":null,"var_security":"El acceso a microdatos y Mam-up se considera como de tratamiento especial respecto a la reserva estad\u00edstica por tanto estar\u00e1 sujeto a la reglamentaci\u00f3n que para el efecto defina el Comit\u00e9 de Aseguramiento de la reserva estad\u00edstica. Resoluci\u00f3n 173 de 2008.","var_resp_unit":"Las personas de 18 a\u00f1os y m\u00e1s suministrar\u00e1n la informaci\u00f3n directamente","var_analysis_unit":null,"var_qstn_preqtxt":"Seleccione el problema con EL MEDIO AMBIENTE O EL ESPACIO P\u00daBLICO que usted considera m\u00e1s antiguo\n\n151\tInvasi\u00f3n, ocupaci\u00f3n indebida o mal uso de espacios de uso com\u00fan (parques, calles, plazas).\t\n152\tObras p\u00fablicas (rampas, se\u00f1alizaci\u00f3n, puentes peatonales, licencias).\t\n153\tImpacto ambiental en la actividad minero-energ\u00e9tica.\t\n154\tContaminaci\u00f3n o deforestaci\u00f3n ambiental (fumigaciones, tala de \u00e1rboles, aguas, incendios, pesca).","var_qstn_qstnlit":"3. \u00bfFrente a este problema qu\u00e9 acci\u00f3n tom\u00f3?\n\n1\tAcudi\u00f3 a una instituci\u00f3n o persona particular \t\n2\t Intent\u00f3 llegar a un acuerdo pac\u00edfico con quien tuvo el problema\t\n3\tActu\u00f3 de forma violenta \t\n4\tAcudi\u00f3 a un actor ilegal \t\n5\tNo hizo nada","var_qstn_postqtxt":"4. \u00bfCu\u00e1les fueron las personas, instituciones o autoridades a las que acudi\u00f3 para solucionar el problema?","var_qstn_ivuinstr":"El objetivo de la pregunta es conocer que hizo la persona para solucionar su problema. Como la persona pudo haber utilizado diferentes caminos para resolver un conflicto, en la encuesta se registrar\u00e1  la \u00faltima acci\u00f3n que haya tomado","var_universe":"El universo para la Encuesta de Calidad de Vida est\u00e1 conformado por la poblaci\u00f3n civil no institucional residente en todo el territorio nacional. \n\nEste cap\u00edtulo va dirigido a todas las personas las personas de 18 a\u00f1os y m\u00e1s.","var_universe_clusion":"I","var_sumstat":[{"value":"0","type":"vald","wgtd":null},{"value":"0","type":"invd","wgtd":null}],"var_txt":"\u00b7Acudi\u00f3 a una instituci\u00f3n o persona particular: aplica cuando al tener un problema la persona acude a una entidad o persona reconocida y permitida por el Estado para solucionar su problema. En esta categor\u00eda incluimos particulares que pueden intervenir en la soluci\u00f3n de problemas como abogados, familiares, amigos, comunidades o l\u00edderes religiosos, defensores del cliente, etc.\n\n\u00b7Intent\u00f3 llegar a un acuerdo pac\u00edfico con quien tuvo el problema: aplica cuando para solucionar un problema, la persona intenta llegar a una soluci\u00f3n directamente con la otra parte. Al igual que la primera ruta, esta forma es reconocida o permitida. \n\n\u00b7Actu\u00f3 de forma violenta: aplica cuando la persona opta por la violencia f\u00edsica, verbal o psicol\u00f3gica para solucionar un problema. Esta ruta se diferencia de \u201cacudir a un actor ilegal\u201d porque es el mismo afectado quien realiza directamente el acto violento contra la otra parte y no se acude a nadie m\u00e1s para ejercerla. \n\n\u00b7Acudi\u00f3 a un actor ilegal: esta ruta aplica cuando para solucionar el problema la persona acudi\u00f3 a un grupo armado al margen de la ley como pandilla, paramilitares, guerrilla, bandas criminales, etc. \n\n\u00b7No hizo nada: esta ruta aplica cuando una persona tiene un problema y decide no actuar para solucionarlo.","var_catgry":[{"value":"5","labl":"No hizo nada","is_missing":null,"stats":[]},{"value":"4","labl":"Acudi\u00f3 a un actor ilegal","is_missing":null,"stats":[]},{"value":"3","labl":"Actu\u00f3 de forma violenta","is_missing":null,"stats":[]},{"value":"2","labl":"Intent\u00f3 llegar a un acuerdo pac\u00edfico con quien tuvo el problema","is_missing":null,"stats":[]},{"value":"1","labl":"Acudi\u00f3 a una instituci\u00f3n o persona particular","is_missing":null,"stats":[]}],"var_codinstr":null,"var_concept":[],"var_format":{"type":"numeric","schema":"other","category":null,"name":null},"var_notes":null,"var_val_range":{"min":null,"max":null},"fid":"F37","sid":"456","survey_idno":"DANE-DIMPE-ECV-2016"}