{"file_id":"F37","vid":"V2011","name":"P1673","var_intrvl":"discrete","var_dcml":"0","var_wgt":null,"var_is_wgt":null,"loc_start_pos":"141","loc_end_pos":"141","loc_width":"1","loc_rec_seg_no":"1","labl":"\u00bfCu\u00e1les fueron las personas, instituciones o autoridades a las que acudi\u00f3 para solucionar el problema?","var_imputation":null,"var_security":"El acceso a microdatos y Mam-up se considera como de tratamiento especial respecto a la reserva estad\u00edstica por tanto estar\u00e1 sujeto a la reglamentaci\u00f3n que para el efecto defina el Comit\u00e9 de Aseguramiento de la reserva estad\u00edstica. Resoluci\u00f3n 173 de 2008.","var_resp_unit":"Las personas de 18 a\u00f1os y m\u00e1s suministrar\u00e1n la informaci\u00f3n directamente","var_analysis_unit":null,"var_qstn_preqtxt":"3. \u00bfFrente a este problema qu\u00e9 acci\u00f3n tom\u00f3?\n\n1\tAcudi\u00f3 a una instituci\u00f3n o persona particular \t\n2\t Intent\u00f3 llegar a un acuerdo pac\u00edfico con quien tuvo el problema\t\n3\tActu\u00f3 de forma violenta \t\n4\tAcudi\u00f3 a un actor ilegal \t\n5\tNo hizo nada","var_qstn_qstnlit":"4. \u00bfCu\u00e1les fueron las personas, instituciones o autoridades a las que acudi\u00f3 para solucionar el problema?","var_qstn_postqtxt":"4. \u00bfCu\u00e1les fueron las personas, instituciones o autoridades a las que acudi\u00f3 para solucionar el problema?\n\nFiscal\u00eda General de la Naci\u00f3n","var_qstn_ivuinstr":"Esta pregunta es solo para las personas que en la pregunta K3 optaron por la opci\u00f3n 1 \u201cacudi\u00f3 a una instituci\u00f3n o persona particular\u201d. La pregunta busca conocer las diferentes opciones institucionales o no a las cuales la persona recurri\u00f3 para dar soluci\u00f3n al problema que lo afect\u00f3.\n\nEspere respuesta, la pregunta es de selecci\u00f3n m\u00faltiple. \n\nSi el encuestado solo selecciona una de las opciones, pase a la pregunta 6.","var_universe":"El universo para la Encuesta de Calidad de Vida est\u00e1 conformado por la poblaci\u00f3n civil no institucional residente en todo el territorio nacional. \n\nEste cap\u00edtulo va dirigido a todas las personas las personas de 18 a\u00f1os y m\u00e1s.","var_universe_clusion":"I","var_sumstat":[{"value":"0","type":"vald","wgtd":null},{"value":"0","type":"invd","wgtd":null}],"var_txt":null,"var_catgry":[],"var_codinstr":null,"var_concept":[],"var_format":{"type":"numeric","schema":"other","category":null,"name":null},"var_notes":null,"var_val_range":{"min":null,"max":null},"fid":"F37","sid":"456","survey_idno":"DANE-DIMPE-ECV-2016"}