{"file_id":"F37","vid":"V2041","name":"P1675","var_intrvl":"discrete","var_dcml":"0","var_wgt":null,"var_is_wgt":null,"loc_start_pos":"172","loc_end_pos":"172","loc_width":"1","loc_rec_seg_no":"1","labl":"\u00bfCu\u00e1l fue la raz\u00f3n principal por la que  ...  acudi\u00f3 a esta persona, instituci\u00f3n o autoridad?","var_imputation":null,"var_security":"El acceso a microdatos y Mam-up se considera como de tratamiento especial respecto a la reserva estad\u00edstica por tanto estar\u00e1 sujeto a la reglamentaci\u00f3n que para el efecto defina el Comit\u00e9 de Aseguramiento de la reserva estad\u00edstica. Resoluci\u00f3n 173 de 2008.","var_resp_unit":"Las personas de 18 a\u00f1os y m\u00e1s suministrar\u00e1n la informaci\u00f3n directamente","var_analysis_unit":null,"var_qstn_preqtxt":"5. \u00bfCu\u00e1l fue la \u00faltima persona, autoridad o instituci\u00f3n a la que acudi\u00f3?\n\n1\tFiscal\u00eda General de la Naci\u00f3n\t\n2\tJueces \t\n3\tJueces de Paz\t\n4\tJurisdicci\u00f3n ind\u00edgena\t\n5\t Casas de justicia o centro de convivencia ciudadana.\t\n6\tInspecciones de trabajo\t\n7\tComisarias de Familia\t\n8\tDefensor\u00eda de Familia (ICBF)\t\n9\tInspecci\u00f3n de Polic\u00eda\t\n10\tCorregidor\t\n11\tPersoner\u00eda\t\n12\tProcuradur\u00eda General de la Naci\u00f3n\t\n13\t Defensor\u00eda del Pueblo\t\n14\t Superintendencias\t\n15\t CAI o estaci\u00f3n de polic\u00eda\t\n16\t Autoridades de tr\u00e1nsito\t\n17\t Alcald\u00eda\t\n18\tConciliador en equidad\t\n19\tCentros de conciliaci\u00f3n y arbitraje\t\n20\tNotar\u00eda\t\n21\t Consultor\u00edos jur\u00eddico\t\n22\t Defensor del cliente\t\n23\t Abogado\t\n24\tL\u00edderes religiosos\t\n25\tJuntas de Acci\u00f3n Comunal\t\n26\t Justicia comunitaria\t\n27\tFamiliares o amigos\t\n28\tOtro","var_qstn_qstnlit":"6. \u00bfCu\u00e1l fue la raz\u00f3n principal por la que  ...  acudi\u00f3 a esta persona, instituci\u00f3n o autoridad?\n\n1\tLe genera confianza o alguien le recomend\u00f3 esta v\u00eda\t\n2\t Pocos tr\u00e1mites y\/o bajos costos\t\n3\tLo obligaron o presionaron\t\n4\t Es la \u00fanica que hay, conoce o le queda cerca.\t\n5\tDonde acudi\u00f3 antes no lo atendieron. \t\n6\tTraslado por parte de otra autoridad\t\n7\tPorque era el que ten\u00eda que resolver el problema (competencia) \t\n8\tOtro","var_qstn_postqtxt":"7. \u00bfCu\u00e1l fue el resultado de acudir a esta persona, instituci\u00f3n o autoridad?\n\n1\tSe produjo decisi\u00f3n.\t\n2\tSe lleg\u00f3 a un acuerdo.\t\n3\t El caso no se ha resuelto o sigue en tr\u00e1mite\t\n4\tRetir\u00f3 la solicitud.\t\n5\tOtro","var_qstn_ivuinstr":"Esta pregunta es solo para las personas que en la pregunta K3 optaron por la opci\u00f3n 1 \u201cacudir a una instituci\u00f3n o persona particular\u201d. La pregunta busca conocer las causas por las cuales las personas decidieron acudir a determinado tercero para resolver el problema. La pregunta hace referencia al \u00faltimo tercero al que acudi\u00f3.\n\nLa pregunta es de respuesta \u00fanica. En los casos que la persona manifieste m\u00e1s de una raz\u00f3n por la cual acudi\u00f3 a ese tercero, solic\u00edtele que determine cu\u00e1l es la m\u00e1s importante.","var_universe":"El universo para la Encuesta de Calidad de Vida est\u00e1 conformado por la poblaci\u00f3n civil no institucional residente en todo el territorio nacional. \n\nEste cap\u00edtulo va dirigido a todas las personas las personas de 18 a\u00f1os y m\u00e1s.","var_universe_clusion":"I","var_sumstat":[{"value":"0","type":"vald","wgtd":null},{"value":"0","type":"invd","wgtd":null}],"var_txt":null,"var_catgry":[{"value":"8","labl":"Otro","is_missing":null,"stats":[]},{"value":"7","labl":"Porque era el que ten\u00eda que resolver el problema (competencia)","is_missing":null,"stats":[]},{"value":"6","labl":"Traslado por parte de otra autoridad","is_missing":null,"stats":[]},{"value":"5","labl":"Donde acudi\u00f3 antes no lo atendieron.","is_missing":null,"stats":[]},{"value":"4","labl":"Es la \u00fanica que hay, conoce o le queda cerca.","is_missing":null,"stats":[]},{"value":"3","labl":"Lo obligaron o presionaron","is_missing":null,"stats":[]},{"value":"2","labl":"Pocos tr\u00e1mites y\/o bajos costos","is_missing":null,"stats":[]},{"value":"1","labl":"Le genera confianza o alguien le recomend\u00f3 esta v\u00eda","is_missing":null,"stats":[]}],"var_codinstr":null,"var_concept":[],"var_format":{"type":"numeric","schema":"other","category":null,"name":null},"var_notes":null,"var_val_range":{"min":null,"max":null},"fid":"F37","sid":"456","survey_idno":"DANE-DIMPE-ECV-2016"}