{"file_id":"F37","vid":"V2045","name":"P1679","var_intrvl":"discrete","var_dcml":"0","var_wgt":null,"var_is_wgt":null,"loc_start_pos":"178","loc_end_pos":"178","loc_width":"1","loc_rec_seg_no":"1","labl":"\u00bfCu\u00e1l fue la raz\u00f3n principal por la que  ...  intent\u00f3 llegar a un acuerdo pac\u00edfico con quien tuvo el problema?","var_imputation":null,"var_security":"El acceso a microdatos y Mam-up se considera como de tratamiento especial respecto a la reserva estad\u00edstica por tanto estar\u00e1 sujeto a la reglamentaci\u00f3n que para el efecto defina el Comit\u00e9 de Aseguramiento de la reserva estad\u00edstica. Resoluci\u00f3n 173 de 2008.","var_resp_unit":"Las personas de 18 a\u00f1os y m\u00e1s suministrar\u00e1n la informaci\u00f3n directamente","var_analysis_unit":null,"var_qstn_preqtxt":"3. \u00bfFrente a este problema qu\u00e9 acci\u00f3n tom\u00f3?\n\n1\tAcudi\u00f3 a una instituci\u00f3n o persona particular \t\n2\t Intent\u00f3 llegar a un acuerdo pac\u00edfico con quien tuvo el problema\t\n3\tActu\u00f3 de forma violenta \t\n4\tAcudi\u00f3 a un actor ilegal \t\n5\tNo hizo nada","var_qstn_qstnlit":"10.  \u00bfCu\u00e1l fue la raz\u00f3n principal por la que  ...  intent\u00f3 llegar a un acuerdo pac\u00edfico con quien tuvo el problema?\n\n1\t Prefiere arreglar pac\u00edficamente o por s\u00ed mismo los problemas \t\n2\t Es menos costoso o m\u00e1s \u00e1gil que otras v\u00edas de soluci\u00f3n \t\n3\t Le sugirieron o presionaron\t\n4\tNo sab\u00eda ante cual autoridad acudir, qu\u00e9 hacer o c\u00f3mo hacerlo\t\n5\t Donde vive no cuenta con instituciones que solucionen conflictos\t\n6\t No conf\u00eda en las autoridades \t\n7\tPorque el problema no fue tan grave.","var_qstn_postqtxt":"11. \u00bfSe lleg\u00f3 a un acuerdo pac\u00edfico con quien tuvo el problema?\n\n1\tS\u00ed\t\n2\tNo","var_qstn_ivuinstr":"Esta pregunta es solo para las personas que en la pregunta K3 optaron por la opci\u00f3n 2 \u201cintent\u00f3 llegar a un acuerdo pac\u00edfico con quien tuvo el problema\u201d. Busca conocer las causas por las cuales las personas prefirieron llegar a un acuerdo pac\u00edfico directamente con quien tuvieron el problema. \n\nLa pregunta es de respuesta \u00fanica. En los casos que la persona manifieste m\u00e1s de una raz\u00f3n por la que intent\u00f3 llegar a un acuerdo pac\u00edfico con quien tuvo el problema, solic\u00edtele que determine cu\u00e1l fue la m\u00e1s importante.","var_universe":"El universo para la Encuesta de Calidad de Vida est\u00e1 conformado por la poblaci\u00f3n civil no institucional residente en todo el territorio nacional. \n\nEste cap\u00edtulo va dirigido a todas las personas las personas de 18 a\u00f1os y m\u00e1s.","var_universe_clusion":"I","var_sumstat":[{"value":"0","type":"vald","wgtd":null},{"value":"0","type":"invd","wgtd":null}],"var_txt":null,"var_catgry":[{"value":"7","labl":"Porque el problema no fue tan grave.","is_missing":null,"stats":[]},{"value":"6","labl":"No conf\u00eda en las autoridades","is_missing":null,"stats":[]},{"value":"5","labl":"Donde vive no cuenta con instituciones que solucionen conflictos","is_missing":null,"stats":[]},{"value":"4","labl":"No sab\u00eda ante cual autoridad acudir, qu\u00e9 hacer o c\u00f3mo hacerlo","is_missing":null,"stats":[]},{"value":"3","labl":"Le sugirieron o presionaron","is_missing":null,"stats":[]},{"value":"2","labl":"Es menos costoso o m\u00e1s \u00e1gil que otras v\u00edas de soluci\u00f3n","is_missing":null,"stats":[]},{"value":"1","labl":"Prefiere arreglar pac\u00edficamente o por s\u00ed mismo los problemas","is_missing":null,"stats":[]}],"var_codinstr":null,"var_concept":[],"var_format":{"type":"numeric","schema":"other","category":null,"name":null},"var_notes":null,"var_val_range":{"min":null,"max":null},"fid":"F37","sid":"456","survey_idno":"DANE-DIMPE-ECV-2016"}