{"file_id":"F37","vid":"V2047","name":"P1681","var_intrvl":"discrete","var_dcml":"0","var_wgt":null,"var_is_wgt":null,"loc_start_pos":"180","loc_end_pos":"180","loc_width":"1","loc_rec_seg_no":"1","labl":"\u00bfCu\u00e1l fue la raz\u00f3n principal por la que  ...  actu\u00f3 de forma violenta para resolver el problema?","var_imputation":null,"var_security":"El acceso a microdatos y Mam-up se considera como de tratamiento especial respecto a la reserva estad\u00edstica por tanto estar\u00e1 sujeto a la reglamentaci\u00f3n que para el efecto defina el Comit\u00e9 de Aseguramiento de la reserva estad\u00edstica. Resoluci\u00f3n 173 de 2008.","var_resp_unit":"Las personas de 18 a\u00f1os y m\u00e1s suministrar\u00e1n la informaci\u00f3n directamente","var_analysis_unit":null,"var_qstn_preqtxt":"3. \u00bfFrente a este problema qu\u00e9 acci\u00f3n tom\u00f3?\n\n1\tAcudi\u00f3 a una instituci\u00f3n o persona particular \t\n2\t Intent\u00f3 llegar a un acuerdo pac\u00edfico con quien tuvo el problema\t\n3\tActu\u00f3 de forma violenta \t\n4\tAcudi\u00f3 a un actor ilegal \t\n5\tNo hizo nada","var_qstn_qstnlit":"12. \u00bfCu\u00e1l fue la raz\u00f3n principal por la que  ...  actu\u00f3 de forma violenta para resolver el problema?\n\n1\tTen\u00eda mucha rabia, el otro se lo merec\u00eda.\t\n2\t No conf\u00edaba en las autoridades.\t\n3\t  Es la forma como se resuelven los problemas aqu\u00ed.\t\n4\tNo  hab\u00eda otra opci\u00f3n.\t\n5\tNo sab\u00eda ante quien acudir, qu\u00e9 hacer o c\u00f3mo hacerlo.\t\n6\tLe sugirieron o presionaron\t\n7\tOtro","var_qstn_postqtxt":"16. \u00bfEl problema de  ...  se solucion\u00f3?\n\n1\tS\u00ed\t\n2\tNo","var_qstn_ivuinstr":"Esta pregunta es solo para las personas que en la pregunta K3 optaron por la opci\u00f3n 3, \u201cactu\u00f3 de forma violenta\u201d.  Busca conocer las causas por las cuales las personas prefirieron optar por la violencia f\u00edsica, verbal o psicol\u00f3gica para solucionar el problema. \n\nLa pregunta es de respuesta \u00fanica. En los casos que la persona manifieste m\u00e1s de una raz\u00f3n por la cual actu\u00f3 de forma violenta para solucionar el problema, solic\u00edtele que determine cu\u00e1l fue la m\u00e1s importante. \n\nDespu\u00e9s de diligenciar pase a pregunta K16","var_universe":"El universo para la Encuesta de Calidad de Vida est\u00e1 conformado por la poblaci\u00f3n civil no institucional residente en todo el territorio nacional. \n\nEste cap\u00edtulo va dirigido a todas las personas las personas de 18 a\u00f1os y m\u00e1s.","var_universe_clusion":"I","var_sumstat":[{"value":"0","type":"vald","wgtd":null},{"value":"0","type":"invd","wgtd":null}],"var_txt":null,"var_catgry":[{"value":"7","labl":"Otro","is_missing":null,"stats":[]},{"value":"6","labl":"Le sugirieron o presionaron","is_missing":null,"stats":[]},{"value":"5","labl":"No sab\u00eda ante quien acudir, qu\u00e9 hacer o c\u00f3mo hacerlo.","is_missing":null,"stats":[]},{"value":"4","labl":"No  hab\u00eda otra opci\u00f3n.","is_missing":null,"stats":[]},{"value":"3","labl":"Es la forma como se resuelven los problemas aqu\u00ed.","is_missing":null,"stats":[]},{"value":"2","labl":"No conf\u00edaba en las autoridades.","is_missing":null,"stats":[]},{"value":"1","labl":"Ten\u00eda mucha rabia, el otro se lo merec\u00eda.","is_missing":null,"stats":[]}],"var_codinstr":null,"var_concept":[],"var_format":{"type":"numeric","schema":"other","category":null,"name":null},"var_notes":null,"var_val_range":{"min":null,"max":null},"fid":"F37","sid":"456","survey_idno":"DANE-DIMPE-ECV-2016"}