{"file_id":"F37","vid":"V2049","name":"P1683","var_intrvl":"discrete","var_dcml":"0","var_wgt":null,"var_is_wgt":null,"loc_start_pos":"182","loc_end_pos":"182","loc_width":"1","loc_rec_seg_no":"1","labl":"\u00bfCu\u00e1l fue la raz\u00f3n principal por la que  ...  no hizo nada?","var_imputation":null,"var_security":"El acceso a microdatos y Mam-up se considera como de tratamiento especial respecto a la reserva estad\u00edstica por tanto estar\u00e1 sujeto a la reglamentaci\u00f3n que para el efecto defina el Comit\u00e9 de Aseguramiento de la reserva estad\u00edstica. Resoluci\u00f3n 173 de 2008.","var_resp_unit":"Las personas de 18 a\u00f1os y m\u00e1s suministrar\u00e1n la informaci\u00f3n directamente","var_analysis_unit":null,"var_qstn_preqtxt":"3. \u00bfFrente a este problema qu\u00e9 acci\u00f3n tom\u00f3?\n\n1\tAcudi\u00f3 a una instituci\u00f3n o persona particular \t\n2\t Intent\u00f3 llegar a un acuerdo pac\u00edfico con quien tuvo el problema\t\n3\tActu\u00f3 de forma violenta \t\n4\tAcudi\u00f3 a un actor ilegal \t\n5\tNo hizo nada","var_qstn_qstnlit":"14. \u00bfCu\u00e1l fue la raz\u00f3n principal por la que  ...  no hizo nada?\n\n1\tNo era importante  el problema\/ No val\u00eda la pena.  \t\n2\t Solucionar el problema tomaba demasiado tiempo o requer\u00eda demasiados tr\u00e1mites\t\n3\tEra muy costoso solucionarlo.\t\n4\t No ten\u00eda pruebas o argumentos.\t\n5\tNo supo qu\u00e9 pod\u00eda hacer, ante qui\u00e9n acudir o c\u00f3mo hacerlo \t\n6\tNo conf\u00edaba en las autoridades.\t\n7\tPor temor a las consecuencias \/lo amenazaron.\t\n8\t Otro","var_qstn_postqtxt":"16. \u00bfEl problema de  ...  se solucion\u00f3?\n\n1\tS\u00ed\t\n2\tNo","var_qstn_ivuinstr":"Esta pregunta es solo para las personas que en la pregunta K3 optaron por la opci\u00f3n 5 \u201cno hizo nada\u201d.  Se busca indagar las causas por las cuales las personas prefirieron no actuar para resolver el problema. \n\nLa pregunta es de respuesta \u00fanica. En los casos que la persona manifieste m\u00e1s de una raz\u00f3n por la cual no hizo nada para solucionar el problema, solic\u00edtele que determine cu\u00e1l fue la m\u00e1s importante. \n\nDespu\u00e9s de diligenciar pase a pregunta K16.","var_universe":"El universo para la Encuesta de Calidad de Vida est\u00e1 conformado por la poblaci\u00f3n civil no institucional residente en todo el territorio nacional. \n\nEste cap\u00edtulo va dirigido a todas las personas las personas de 18 a\u00f1os y m\u00e1s.","var_universe_clusion":"I","var_sumstat":[{"value":"0","type":"vald","wgtd":null},{"value":"0","type":"invd","wgtd":null}],"var_txt":null,"var_catgry":[{"value":"8","labl":"Otro","is_missing":null,"stats":[]},{"value":"7","labl":"Por temor a las consecuencias \/lo amenazaron.","is_missing":null,"stats":[]},{"value":"6","labl":"No conf\u00edaba en las autoridades.","is_missing":null,"stats":[]},{"value":"5","labl":"No supo qu\u00e9 pod\u00eda hacer, ante qui\u00e9n acudir o c\u00f3mo hacerlo","is_missing":null,"stats":[]},{"value":"4","labl":"No ten\u00eda pruebas o argumentos.","is_missing":null,"stats":[]},{"value":"3","labl":"Era muy costoso solucionarlo.","is_missing":null,"stats":[]},{"value":"2","labl":"Solucionar el problema tomaba demasiado tiempo o requer\u00eda demasiados tr\u00e1mites","is_missing":null,"stats":[]},{"value":"1","labl":"No era importante  el problema\/ No val\u00eda la pena.","is_missing":null,"stats":[]}],"var_codinstr":null,"var_concept":[],"var_format":{"type":"numeric","schema":"other","category":null,"name":null},"var_notes":null,"var_val_range":{"min":null,"max":null},"fid":"F37","sid":"456","survey_idno":"DANE-DIMPE-ECV-2016"}