{"file_id":"F37","vid":"V2051","name":"P1685","var_intrvl":"discrete","var_dcml":"0","var_wgt":null,"var_is_wgt":null,"loc_start_pos":"184","loc_end_pos":"184","loc_width":"1","loc_rec_seg_no":"1","labl":"\u00bfEl problema de  ...  se solucion\u00f3?","var_imputation":null,"var_security":"El acceso a microdatos y Mam-up se considera como de tratamiento especial respecto a la reserva estad\u00edstica por tanto estar\u00e1 sujeto a la reglamentaci\u00f3n que para el efecto defina el Comit\u00e9 de Aseguramiento de la reserva estad\u00edstica. Resoluci\u00f3n 173 de 2008.","var_resp_unit":"Las personas de 18 a\u00f1os y m\u00e1s suministrar\u00e1n la informaci\u00f3n directamente","var_analysis_unit":null,"var_qstn_preqtxt":"15. \u00bfSe cumpli\u00f3 con la decisi\u00f3n o el acuerdo?\n\n1\tS\u00ed\t\n2\tN","var_qstn_qstnlit":"16. \u00bfEl problema de  ...  se solucion\u00f3?\n\n1\tS\u00ed\t\n2\tNo","var_qstn_postqtxt":"17.  \u00bfCuantos meses tom\u00f3 la resoluci\u00f3n de su problema, desde el momento en que hizo algo para solucionarlo?","var_qstn_ivuinstr":"Independientemente de la ruta de acci\u00f3n tomada por la persona, esta pregunta busca indagar si fue posible llegar a resolver el problema o si por el contrario, este contin\u00faa. \n\nSi responde opci\u00f3n 1(Si), contin\u00fae; de lo contrario pase a pregunta K18","var_universe":"El universo para la Encuesta de Calidad de Vida est\u00e1 conformado por la poblaci\u00f3n civil no institucional residente en todo el territorio nacional. \n\nEste cap\u00edtulo va dirigido a todas las personas las personas de 18 a\u00f1os y m\u00e1s.","var_universe_clusion":"I","var_sumstat":[{"value":"0","type":"vald","wgtd":null},{"value":"0","type":"invd","wgtd":null}],"var_txt":null,"var_catgry":[{"value":"2","labl":"No","is_missing":null,"stats":[]},{"value":"1","labl":"S\u00ed","is_missing":null,"stats":[]}],"var_codinstr":null,"var_concept":[],"var_format":{"type":"numeric","schema":"other","category":null,"name":null},"var_notes":null,"var_val_range":{"min":null,"max":null},"fid":"F37","sid":"456","survey_idno":"DANE-DIMPE-ECV-2016"}