{"file_id":"F37","vid":"V2053","name":"P1687","var_intrvl":"discrete","var_dcml":"0","var_wgt":null,"var_is_wgt":null,"loc_start_pos":"187","loc_end_pos":"187","loc_width":"1","loc_rec_seg_no":"1","labl":"\u00bfSi le sucediera de nuevo este problema  ...  volver\u00eda a tomar el mismo camino para solucionarlo?","var_imputation":null,"var_security":"El acceso a microdatos y Mam-up se considera como de tratamiento especial respecto a la reserva estad\u00edstica por tanto estar\u00e1 sujeto a la reglamentaci\u00f3n que para el efecto defina el Comit\u00e9 de Aseguramiento de la reserva estad\u00edstica. Resoluci\u00f3n 173 de 2008.","var_resp_unit":"Las personas de 18 a\u00f1os y m\u00e1s suministrar\u00e1n la informaci\u00f3n directamente","var_analysis_unit":null,"var_qstn_preqtxt":"17.  \u00bfCuantos meses tom\u00f3 la resoluci\u00f3n de su problema, desde el momento en que hizo algo para solucionarlo?","var_qstn_qstnlit":"18. \u00bfSi le sucediera de nuevo este problema  ...  volver\u00eda a tomar el mismo camino para solucionarlo?\n\n1\tS\u00ed\t\n2\tNo","var_qstn_postqtxt":"19. \u00bfPor qu\u00e9 raz\u00f3n principal  ...  no volver\u00eda a tomar el mismo camino para solucionar el problema?\n\n1\tPorque el problema no se resolvi\u00f3                                                                       \t\n2\t Por demorado                                                          \t\n3\t Porque  no recibi\u00f3 una buena atenci\u00f3n.                                                                                           \t\n4\tEl resultado no le favoreci\u00f3 o no fue el esperado                                                        \t\n5\tPorque le trajo m\u00e1s problemas.\t\n6\tPorque se cometi\u00f3 alg\u00fan abuso de poder en su contra.\t\n7\tPor costoso\t\n8\tOtro","var_qstn_ivuinstr":"Independientemente de si el problema se solucion\u00f3 o no, esta pregunta busca conocer la satisfacci\u00f3n de las personas con respecto a la ruta de acci\u00f3n tomada para resolver el problema. \n\nSi responde opci\u00f3n 1(Si), pase a pregunta K20; de lo contrario contin\u00fae.","var_universe":"El universo para la Encuesta de Calidad de Vida est\u00e1 conformado por la poblaci\u00f3n civil no institucional residente en todo el territorio nacional. \n\nEste cap\u00edtulo va dirigido a todas las personas las personas de 18 a\u00f1os y m\u00e1s.","var_universe_clusion":"I","var_sumstat":[{"value":"0","type":"vald","wgtd":null},{"value":"0","type":"invd","wgtd":null}],"var_txt":null,"var_catgry":[{"value":"2","labl":"No","is_missing":null,"stats":[]},{"value":"1","labl":"S\u00ed","is_missing":null,"stats":[]}],"var_codinstr":null,"var_concept":[],"var_format":{"type":"numeric","schema":"other","category":null,"name":null},"var_notes":null,"var_val_range":{"min":null,"max":null},"fid":"F37","sid":"456","survey_idno":"DANE-DIMPE-ECV-2016"}