{"file_id":"F37","vid":"V2054","name":"P1688","var_intrvl":"discrete","var_dcml":"0","var_wgt":null,"var_is_wgt":null,"loc_start_pos":"188","loc_end_pos":"188","loc_width":"1","loc_rec_seg_no":"1","labl":"\u00bfPor qu\u00e9 raz\u00f3n principal  ...  no volver\u00eda a tomar el mismo camino para solucionar el problema?","var_imputation":null,"var_security":"El acceso a microdatos y Mam-up se considera como de tratamiento especial respecto a la reserva estad\u00edstica por tanto estar\u00e1 sujeto a la reglamentaci\u00f3n que para el efecto defina el Comit\u00e9 de Aseguramiento de la reserva estad\u00edstica. Resoluci\u00f3n 173 de 2008.","var_resp_unit":"Las personas de 18 a\u00f1os y m\u00e1s suministrar\u00e1n la informaci\u00f3n directamente","var_analysis_unit":null,"var_qstn_preqtxt":"18. \u00bfSi le sucediera de nuevo este problema  ...  volver\u00eda a tomar el mismo camino para solucionarlo?\n\n1\tS\u00ed\t\n2\tNo","var_qstn_qstnlit":"19. \u00bfPor qu\u00e9 raz\u00f3n principal  ...  no volver\u00eda a tomar el mismo camino para solucionar el problema?\n\n1\tPorque el problema no se resolvi\u00f3                                                                       \t\n2\t Por demorado                                                          \t\n3\t Porque  no recibi\u00f3 una buena atenci\u00f3n.                                                                                           \t\n4\tEl resultado no le favoreci\u00f3 o no fue el esperado                                                        \t\n5\tPorque le trajo m\u00e1s problemas.\t\n6\tPorque se cometi\u00f3 alg\u00fan abuso de poder en su contra.\t\n7\tPor costoso\t\n8\tOtro","var_qstn_postqtxt":"20. \u00bfEn alg\u00fan momento  ...  cont\u00f3 con asesor\u00eda legal o asistencia jur\u00eddica de: \n\n1\tUn abogado particular o privado.\t\n2\tUn abogado provisto por el Estado\/Defensor p\u00fablico\t\n3\t Un consultorio jur\u00eddico universitario\t\n4\tOtro profesional en derecho \u00bfCu\u00e1l? \t\n9\tNo tuvo abogado","var_qstn_ivuinstr":"Se busca indagar las causas por las cuales las personas, preferir\u00edan hacer algo diferente a lo que hicieron o no hicieron (en el caso de los que no hicieron nada), si tuvieran que afrontar nuevamente el mismo problema. \n\nLa pregunta es de respuesta \u00fanica. En los casos que la persona manifieste m\u00e1s de una raz\u00f3n por la cual no volver\u00eda a tomar el mismo camino para solucionar el problema, solic\u00edtele que determine cu\u00e1l fue la m\u00e1s importante","var_universe":"El universo para la Encuesta de Calidad de Vida est\u00e1 conformado por la poblaci\u00f3n civil no institucional residente en todo el territorio nacional. \n\nEste cap\u00edtulo va dirigido a todas las personas las personas de 18 a\u00f1os y m\u00e1s.","var_universe_clusion":"I","var_sumstat":[{"value":"0","type":"vald","wgtd":null},{"value":"0","type":"invd","wgtd":null}],"var_txt":null,"var_catgry":[{"value":"8","labl":"Otro","is_missing":null,"stats":[]},{"value":"7","labl":"Por costoso","is_missing":null,"stats":[]},{"value":"6","labl":"Porque se cometi\u00f3 alg\u00fan abuso de poder en su contra.","is_missing":null,"stats":[]},{"value":"5","labl":"Porque le trajo m\u00e1s problemas.","is_missing":null,"stats":[]},{"value":"4","labl":"El resultado no le favoreci\u00f3 o no fue el esperado","is_missing":null,"stats":[]},{"value":"3","labl":"Porque  no recibi\u00f3 una buena atenci\u00f3n.","is_missing":null,"stats":[]},{"value":"2","labl":"Por demorado","is_missing":null,"stats":[]},{"value":"1","labl":"Porque el problema no se resolvi\u00f3","is_missing":null,"stats":[]}],"var_codinstr":null,"var_concept":[],"var_format":{"type":"numeric","schema":"other","category":null,"name":null},"var_notes":null,"var_val_range":{"min":null,"max":null},"fid":"F37","sid":"456","survey_idno":"DANE-DIMPE-ECV-2016"}