{"file_id":"F37","vid":"V2055","name":"P1689","var_intrvl":"discrete","var_dcml":"0","var_wgt":null,"var_is_wgt":null,"loc_start_pos":"189","loc_end_pos":"189","loc_width":"1","loc_rec_seg_no":"1","labl":"\u00bfEn alg\u00fan momento  ...  cont\u00f3 con asesor\u00eda legal o asistencia jur\u00eddica de:","var_imputation":null,"var_security":"El acceso a microdatos y Mam-up se considera como de tratamiento especial respecto a la reserva estad\u00edstica por tanto estar\u00e1 sujeto a la reglamentaci\u00f3n que para el efecto defina el Comit\u00e9 de Aseguramiento de la reserva estad\u00edstica. Resoluci\u00f3n 173 de 2008.","var_resp_unit":"Las personas de 18 a\u00f1os y m\u00e1s suministrar\u00e1n la informaci\u00f3n directamente","var_analysis_unit":null,"var_qstn_preqtxt":"19. \u00bfPor qu\u00e9 raz\u00f3n principal  ...  no volver\u00eda a tomar el mismo camino para solucionar el problema?\n\n1\tPorque el problema no se resolvi\u00f3                                                                       \t\n2\t Por demorado                                                          \t\n3\t Porque  no recibi\u00f3 una buena atenci\u00f3n.                                                                                           \t\n4\tEl resultado no le favoreci\u00f3 o no fue el esperado                                                        \t\n5\tPorque le trajo m\u00e1s problemas.\t\n6\tPorque se cometi\u00f3 alg\u00fan abuso de poder en su contra.\t\n7\tPor costoso\t\n8\tOtro","var_qstn_qstnlit":"20. \u00bfEn alg\u00fan momento  ...  cont\u00f3 con asesor\u00eda legal o asistencia jur\u00eddica de: \n\n1\tUn abogado particular o privado.\t\n2\tUn abogado provisto por el Estado\/Defensor p\u00fablico\t\n3\t Un consultorio jur\u00eddico universitario\t\n4\tOtro profesional en derecho \u00bfCu\u00e1l? \t\n9\tNo tuvo abogado","var_qstn_postqtxt":"21. \u00bfPor qu\u00e9 raz\u00f3n principal  ...  no tuvo abogado? \n\n1\t No se requer\u00eda para el tr\u00e1mite.                                                                       \t\n2\tEs muy costoso\t\n3\tNo hay abogados en el sector donde vive\t\n4\tNing\u00fan abogado me quiso llevar el caso                                                     \t\n5\tNo conf\u00eda en los abogados","var_qstn_ivuinstr":"Se busca indagar las causas por las cuales las personas que tuvieron alg\u00fan problema en los \u00faltimos 24 meses, no contaron con la asesor\u00eda de un profesional del derecho. \n\nLa pregunta es de respuesta \u00fanica. En los casos que la persona manifieste haber recibido asesor\u00eda jur\u00eddica de diferentes profesionales del derecho, registre el \u00faltimo que lo asesor\u00f3. \n\nSi en pregunta K4 indic\u00f3 que acudi\u00f3 a un abogado (opci\u00f3n 23), no puede seleccionar alternativa 9 \u201cNo tuvo abogado\u201d. Si en pregunta K3 respondi\u00f3 opci\u00f3n  5 \u201cNo hizo nada\u201d no formule esta pregunta y pase a pregunta K22. \n\nSi responde las opciones 1 a 4, pase a pregunta K22. Si la respuesta es \u00abNo tuvo abogado\u00bb, contin\u00fae.","var_universe":"El universo para la Encuesta de Calidad de Vida est\u00e1 conformado por la poblaci\u00f3n civil no institucional residente en todo el territorio nacional. \n\nEste cap\u00edtulo va dirigido a todas las personas las personas de 18 a\u00f1os y m\u00e1s.","var_universe_clusion":"I","var_sumstat":[{"value":"0","type":"vald","wgtd":null},{"value":"0","type":"invd","wgtd":null}],"var_txt":"\u00b7 Abogado particular o privado: profesional del derecho que ofrece sus servicios generalmente a cambio de una retribuci\u00f3n econ\u00f3mica.\n\n\u00b7 Un abogado provisto por el Estado\/Defensor p\u00fablico: es un defensor gratuito provisto y financiado por el Estado para personas que se encuentran en imposibilidad econ\u00f3mica o social de proveer por s\u00ed mismas la defensa de sus derechos, para asumir su representaci\u00f3n judicial o extrajudicial.\n\n\u00b7 Un consultorio jur\u00eddico universitario: espacios a cargo de universidades en donde los estudiantes de derecho prestan un servicio social gratuito en asesor\u00eda y tr\u00e1mite de procesos jur\u00eddicos,  dirigido a personas de escasos recursos econ\u00f3micos.","var_catgry":[{"value":"9","labl":"No tuvo abogado","is_missing":null,"stats":[]},{"value":"4","labl":"Otro profesional en derecho \u00bfCu\u00e1l?","is_missing":null,"stats":[]},{"value":"3","labl":"Un consultorio jur\u00eddico universitario","is_missing":null,"stats":[]},{"value":"2","labl":"Un abogado provisto por el Estado\/Defensor p\u00fablico","is_missing":null,"stats":[]},{"value":"1","labl":"Un abogado particular o privado.","is_missing":null,"stats":[]}],"var_codinstr":null,"var_concept":[],"var_format":{"type":"numeric","schema":"other","category":null,"name":null},"var_notes":null,"var_val_range":{"min":null,"max":null},"fid":"F37","sid":"456","survey_idno":"DANE-DIMPE-ECV-2016"}