{"file_id":"F37","vid":"V2056","name":"P1690","var_intrvl":"discrete","var_dcml":"0","var_wgt":null,"var_is_wgt":null,"loc_start_pos":"190","loc_end_pos":"190","loc_width":"1","loc_rec_seg_no":"1","labl":"\u00bfPor qu\u00e9 raz\u00f3n principal  ...  no tuvo abogado?","var_imputation":null,"var_security":"El acceso a microdatos y Mam-up se considera como de tratamiento especial respecto a la reserva estad\u00edstica por tanto estar\u00e1 sujeto a la reglamentaci\u00f3n que para el efecto defina el Comit\u00e9 de Aseguramiento de la reserva estad\u00edstica. Resoluci\u00f3n 173 de 2008.","var_resp_unit":"Las personas de 18 a\u00f1os y m\u00e1s suministrar\u00e1n la informaci\u00f3n directamente","var_analysis_unit":null,"var_qstn_preqtxt":"20. \u00bfEn alg\u00fan momento  ...  cont\u00f3 con asesor\u00eda legal o asistencia jur\u00eddica de: \n\n1\tUn abogado particular o privado.\t\n2\tUn abogado provisto por el Estado\/Defensor p\u00fablico\t\n3\t Un consultorio jur\u00eddico universitario\t\n4\tOtro profesional en derecho \u00bfCu\u00e1l? \t\n9\tNo tuvo abogado","var_qstn_qstnlit":"21. \u00bfPor qu\u00e9 raz\u00f3n principal  ...  no tuvo abogado? \n\n1\t No se requer\u00eda para el tr\u00e1mite.                                                                       \t\n2\tEs muy costoso\t\n3\tNo hay abogados en el sector donde vive\t\n4\tNing\u00fan abogado me quiso llevar el caso                                                     \t\n5\tNo conf\u00eda en los abogados\t\n6\tUn abogado complica el proceso.\t\n7\tOtro","var_qstn_postqtxt":"22. \u00bfQu\u00e9 grado de afectaci\u00f3n le ocasion\u00f3 este problema:\n\n1\tAlta afectaci\u00f3n\t\n2\tMediana afectaci\u00f3n\t\n3\tBaja afectaci\u00f3n\t\n4\tNinguna afectaci\u00f3n","var_qstn_ivuinstr":"Se busca indagar las causas por las cuales las personas que tuvieron alg\u00fan problema en los \u00faltimos 24 meses, no contaron con la asesor\u00eda de un profesional del derecho. \n\nLa pregunta es de respuesta \u00fanica. En los casos que la persona manifieste m\u00e1s de una raz\u00f3n para no haber solicitado o recibido asesor\u00eda jur\u00eddica, solic\u00edtele que determine cu\u00e1l fue la m\u00e1s importante.","var_universe":"El universo para la Encuesta de Calidad de Vida est\u00e1 conformado por la poblaci\u00f3n civil no institucional residente en todo el territorio nacional. \n\nEste cap\u00edtulo va dirigido a todas las personas las personas de 18 a\u00f1os y m\u00e1s.","var_universe_clusion":"I","var_sumstat":[{"value":"0","type":"vald","wgtd":null},{"value":"0","type":"invd","wgtd":null}],"var_txt":null,"var_catgry":[{"value":"7","labl":"Otro","is_missing":null,"stats":[]},{"value":"6","labl":"Un abogado complica el proceso.","is_missing":null,"stats":[]},{"value":"5","labl":"No conf\u00eda en los abogados","is_missing":null,"stats":[]},{"value":"4","labl":"Ning\u00fan abogado me quiso llevar el caso","is_missing":null,"stats":[]},{"value":"3","labl":"No hay abogados en el sector donde vive","is_missing":null,"stats":[]},{"value":"2","labl":"Es muy costoso","is_missing":null,"stats":[]},{"value":"1","labl":"No se requer\u00eda para el tr\u00e1mite.","is_missing":null,"stats":[]}],"var_codinstr":null,"var_concept":[],"var_format":{"type":"numeric","schema":"other","category":null,"name":null},"var_notes":null,"var_val_range":{"min":null,"max":null},"fid":"F37","sid":"456","survey_idno":"DANE-DIMPE-ECV-2016"}