{"file_id":"F37","vid":"V2057","name":"P1691","var_intrvl":"discrete","var_dcml":"0","var_wgt":null,"var_is_wgt":null,"loc_start_pos":"191","loc_end_pos":"191","loc_width":"1","loc_rec_seg_no":"1","labl":"\u00bfQu\u00e9 grado de afectaci\u00f3n le ocasion\u00f3 este problema:","var_imputation":null,"var_security":"El acceso a microdatos y Mam-up se considera como de tratamiento especial respecto a la reserva estad\u00edstica por tanto estar\u00e1 sujeto a la reglamentaci\u00f3n que para el efecto defina el Comit\u00e9 de Aseguramiento de la reserva estad\u00edstica. Resoluci\u00f3n 173 de 2008.","var_resp_unit":"Las personas de 18 a\u00f1os y m\u00e1s suministrar\u00e1n la informaci\u00f3n directamente","var_analysis_unit":null,"var_qstn_preqtxt":"21. \u00bfPor qu\u00e9 raz\u00f3n principal  ...  no tuvo abogado? \n\n1\t No se requer\u00eda para el tr\u00e1mite.                                                                       \t\n2\tEs muy costoso\t\n3\tNo hay abogados en el sector donde vive\t\n4\tNing\u00fan abogado me quiso llevar el caso                                                     \t\n5\tNo conf\u00eda en los abogados\t\n6\tUn abogado complica el proceso.\t\n7\tOtro","var_qstn_qstnlit":"22. \u00bfQu\u00e9 grado de afectaci\u00f3n le ocasion\u00f3 este problema:\n\n1\tAlta afectaci\u00f3n\t\n2\tMediana afectaci\u00f3n\t\n3\tBaja afectaci\u00f3n\t\n4\tNinguna afectaci\u00f3n","var_qstn_postqtxt":"23. Adem\u00e1s del problema priorizado en la pregunta 2, seleccione la clase de los problemas m\u00e1s antiguos\n\n1\tFamiliares?\t\n2\tLa prestaci\u00f3n de servicios p\u00fablicos domiciliarios (tarifas, prestaci\u00f3n del servicio, desconexi\u00f3n)?\t\n3\tSus vecinos?\t\n4\tSu casa, apartamento, local o finca (ocupaci\u00f3n, da\u00f1os, arrendamiento)? \t\n5\tLa prestaci\u00f3n de servicios de salud (afiliaci\u00f3n, citas, medicamentos)? \t\n6\tSu empleador, en su lugar de trabajo o laborales (pagos, sindicatos, maltrato)?\t\n7\t La prestaci\u00f3n de servicios de educaci\u00f3n (Acceso a la escuela, \u00fatiles escolares, matoneo)? \t\n8\tDeudas (falta de pago, tarjetas de cr\u00e9dito, intereses)? \t\n9\tDelitos (robos, corrupci\u00f3n, lesiones personales)? \t\n10\tTrato discriminatorio (orientaci\u00f3n sexual, mujer, raza)? \t\n11\tEl orden p\u00fablico o conflicto armado (desplazamiento, cultivos il\u00edcitos, conflicto armado)?\t\n12\tEl Estado (impuestos, tr\u00e1mites, da\u00f1os por el Estado)? \t\n13\tLa tenencia de tierras o el campo (titulaci\u00f3n, linderos, recuperaci\u00f3n de tierras -particulares o del Estado)?\t\n14\tLa compra de productos, prestaci\u00f3n de servicios de telefon\u00eda y transporte p\u00fablico (calidad de productos adquiridos, celular, buses-taxis)? \t\n15\t El medio ambiente o el espacio p\u00fablico (ocupaci\u00f3n calles, obras p\u00fablicas, contaminaci\u00f3n ambiental)?","var_qstn_ivuinstr":"Es una pregunta de car\u00e1cter subjetivo a trav\u00e9s de la cual se busca conocer la valoraci\u00f3n que le da la persona a la intensidad que tuvo ese problema en su vida cotidiana. La pregunta es de respuesta \u00fanica.\n\nAfectaci\u00f3n: es un da\u00f1o, detrimento, perjuicio o menoscabo causado por una situaci\u00f3n. (Ej: Da\u00f1o causado de una persona por el robo de otra; el da\u00f1o causado por una compa\u00f1\u00eda al no pagarle a una persona por su labor).","var_universe":"El universo para la Encuesta de Calidad de Vida est\u00e1 conformado por la poblaci\u00f3n civil no institucional residente en todo el territorio nacional. \n\nEste cap\u00edtulo va dirigido a todas las personas las personas de 18 a\u00f1os y m\u00e1s.","var_universe_clusion":"I","var_sumstat":[{"value":"0","type":"vald","wgtd":null},{"value":"0","type":"invd","wgtd":null}],"var_txt":null,"var_catgry":[{"value":"4","labl":"Ninguna afectaci\u00f3n","is_missing":null,"stats":[]},{"value":"3","labl":"Baja afectaci\u00f3n","is_missing":null,"stats":[]},{"value":"2","labl":"Mediana afectaci\u00f3n","is_missing":null,"stats":[]},{"value":"1","labl":"Alta afectaci\u00f3n","is_missing":null,"stats":[]}],"var_codinstr":null,"var_concept":[],"var_format":{"type":"numeric","schema":"other","category":null,"name":null},"var_notes":null,"var_val_range":{"min":null,"max":null},"fid":"F37","sid":"456","survey_idno":"DANE-DIMPE-ECV-2016"}