{"file_id":"F39","vid":"V2158","name":"REGION","var_intrvl":"discrete","var_dcml":"0","var_wgt":null,"var_is_wgt":null,"loc_start_pos":"62","loc_end_pos":"62","loc_width":"1","loc_rec_seg_no":"1","labl":"Region","var_imputation":null,"var_security":"El acceso a microdatos y Mam-up se considera como de tratamiento especial respecto a la reserva estad\u00edstica por tanto estar\u00e1 sujeto a la reglamentaci\u00f3n que para el efecto defina el Comit\u00e9 de Aseguramiento de la reserva estad\u00edstica. Resoluci\u00f3n 173 de 2008.","var_resp_unit":"Jefe o jefa del hogar o su c\u00f3nyuge","var_analysis_unit":null,"var_qstn_preqtxt":null,"var_qstn_qstnlit":"Regi\u00f3n\n\n1\tCaribe\n2\tOriental\n3\tCentral\n4\tPac\u00edfica(sin valle)\n5\tBogot\u00e1\n6\tAntioquia\n7\tValle del cauca\n8\tSan Andr\u00e9s\n9\tOrinoqu\u00eda - amazon\u00eda","var_qstn_postqtxt":null,"var_qstn_ivuinstr":"\u201cEn la ECV 2016 la regi\u00f3n Atl\u00e1ntica adquiere el nombre de regi\u00f3n Caribe. La composici\u00f3n por departamentos no se modifica, por lo tanto la regi\u00f3n Caribe est\u00e1 conformada por los mismos departamentos que la regi\u00f3n Atl\u00e1ntica de la ECV 2015: Guajira, Cesar, Magdalena, Atl\u00e1ntico, Bol\u00edvar, Sucre y C\u00f3rdoba\u201d.","var_universe":"El universo para la Encuesta de Calidad de Vida est\u00e1 conformado por la poblaci\u00f3n civil no institucional residente en todo el territorio nacional.","var_universe_clusion":"I","var_sumstat":[{"value":"0","type":"vald","wgtd":null},{"value":"0","type":"invd","wgtd":null}],"var_txt":null,"var_catgry":[{"value":"9","labl":"Orinoqu\u00eda - amazon\u00eda","is_missing":null,"stats":[]},{"value":"8","labl":"San Andr\u00e9s","is_missing":null,"stats":[]},{"value":"7","labl":"Valle del cauca","is_missing":null,"stats":[]},{"value":"6","labl":"Antioquia","is_missing":null,"stats":[]},{"value":"5","labl":"Bogot\u00e1","is_missing":null,"stats":[]},{"value":"4","labl":"Pac\u00edfica(sin valle)","is_missing":null,"stats":[]},{"value":"3","labl":"Central","is_missing":null,"stats":[]},{"value":"2","labl":"Oriental","is_missing":null,"stats":[]},{"value":"1","labl":"Caribe","is_missing":null,"stats":[]}],"var_codinstr":null,"var_concept":[],"var_format":{"type":"numeric","schema":"other","category":null,"name":null},"var_notes":null,"var_val_range":{"min":null,"max":null},"fid":"F39","sid":"456","survey_idno":"DANE-DIMPE-ECV-2016"}