{"file_id":"F4","vid":"V176","name":"QH08","var_intrvl":"discrete","var_dcml":"0","var_wgt":null,"var_is_wgt":null,"loc_start_pos":"137","loc_end_pos":"137","loc_width":"1","loc_rec_seg_no":"1","labl":"Etnia","var_imputation":null,"var_security":null,"var_resp_unit":"Directo","var_analysis_unit":null,"var_qstn_preqtxt":"Es hombre o mujer?\n\n1\tHombre\n2\tMujer","var_qstn_qstnlit":"De acuerdo con su cultura ,pueblo o rasgo f\u00edsicos,(NOMBRE)es  o se reconoce como:\n\n1\tInd\u00edgena\n2\tGitano(a)\/Rom\n3\tRaizal del archipi\u00e9lago\n4\tPalenquero(a) de San Basilio\n5\tNegro(a)\/Mulato(a)\/Afrocolombiano\/Afrodescendiente\n6\tNinguna de las anteriores","var_qstn_postqtxt":"Esta viva la madre biol\u00f3gica?\n\n1\tSi\n2\tNo\n8\tNo sabe","var_qstn_ivuinstr":"Grupo humano que comparte y reconoce caracter\u00edsticas culturales espec\u00edficas como propias, que determinan su identidad (ethos) frente a otros colectivos.\nRaizal del archipi\u00e9lago: Poblaciones oriundas del archipi\u00e9lago de San Andr\u00e9s, Providencia y Santa Catalina \"que constituyen un grupo con caracter\u00edsticas socioculturales y ling\u00fc\u00edsticas diferenciadas, con un fuerte mestizaje e identidad ango-afrocaribe\u00f1a\".\nPalenquero de San Basilio: es una comunidad fundada por los esclavizados que se fugaron y se refugiaron en los palenques de la costa norte de Colombia desde el siglo XV. Palenque de San Basilio se encuentra ubicado en el departamento de Bol\u00edvar. La comunidad de Palenque de San Basilio conserva una conciencia \u00e9tnica que le permite entenderse como un pueblo espec\u00edfico,","var_universe":"Est\u00e1 constituido por el 99 por ciento de la poblaci\u00f3n civil residente en hogares particulares de las zonas urbana y rural de los 32 departamentos del pa\u00eds y Bogot\u00e1. Por motivo de los costos elevados, se excluy\u00f3 del universo, a la poblaci\u00f3n rural dispersa de los departamentos de la Amazon\u00eda y Orinoqu\u00eda que representa menos del 1 por ciento de la poblaci\u00f3n total del pa\u00eds.","var_universe_clusion":"I","var_sumstat":[{"value":"0","type":"vald","wgtd":null},{"value":"0","type":"invd","wgtd":null}],"var_txt":null,"var_catgry":[{"value":"1","labl":"Ind\u00edgena","is_missing":null,"stats":[]},{"value":"2","labl":"Gitano(a)\/Rom","is_missing":null,"stats":[]},{"value":"3","labl":"Raizal del archipi\u00e9lago","is_missing":null,"stats":[]},{"value":"4","labl":"Palenquero(a) de San Basilio","is_missing":null,"stats":[]},{"value":"5","labl":"Negro(a)\/Mulato(a)\/Afrocolombiano\/Afrodescendiente","is_missing":null,"stats":[]},{"value":"6","labl":"Ninguna de las anteriores","is_missing":null,"stats":[]}],"var_codinstr":null,"var_concept":[],"var_format":{"type":"numeric","schema":"other","category":null,"name":null},"var_notes":null,"var_val_range":{"min":"1","max":"6"},"fid":"F4","sid":"465","survey_idno":"PROFAMILIA-ENDS-2010"}