{"file_id":"F4","vid":"V201","name":"QH27","var_intrvl":"discrete","var_dcml":"0","var_wgt":null,"var_is_wgt":null,"loc_start_pos":"183","loc_end_pos":"183","loc_width":"1","loc_rec_seg_no":"1","labl":"Raz\u00f3n no asistencia a ninguna instituci\u00f3n","var_imputation":null,"var_security":null,"var_resp_unit":"Directo","var_analysis_unit":null,"var_qstn_preqtxt":"Por qu\u00e9 (NOMBRE) se retir\u00f3 de la instituci\u00f3n?\n\n1\tNo tiene dinero\n2\tDemasiado lejos\n3\tNo le gusta la comida\n4\tNo le gusta como lo tratan\n5\tCambi\u00f3 de residencia\n6\tPor desplazamiento\n7\tActualmente en colegio\/escuela\n96\tOtro","var_qstn_qstnlit":"Por qu\u00e9 (NOMBRE) no asiste a ninguna instituci\u00f3n ?\n\n1\tNo tiene dinero\n2\tNo hay una instituci\u00f3n cerca\n3\tCuidan al ni\u00f1o en la casa\n4\tNo est\u00e1 en edad de asistir\n5\tNo lo reciben por su discapacidad\n6\tOtro","var_qstn_postqtxt":"(NOMBRE) Ha asistido alguna vez a la escuela, colegio o universidad ?\n\n1\tSi\n2\tNo","var_qstn_ivuinstr":"Para los ni\u00f1os que nunca han asistido se les pregunta la raz\u00f3n por la que nunca han asistido (P27).","var_universe":"Est\u00e1 constituido por el 99 por ciento de la poblaci\u00f3n civil residente en hogares particulares de las zonas urbana y rural de los 32 departamentos del pa\u00eds y Bogot\u00e1. Por motivo de los costos elevados, se excluy\u00f3 del universo, a la poblaci\u00f3n rural dispersa de los departamentos de la Amazon\u00eda y Orinoqu\u00eda que representa menos del 1 por ciento de la poblaci\u00f3n total del pa\u00eds.","var_universe_clusion":"I","var_sumstat":[{"value":"0","type":"vald","wgtd":null},{"value":"0","type":"invd","wgtd":null}],"var_txt":null,"var_catgry":[{"value":"1","labl":"No tiene dinero","is_missing":null,"stats":[]},{"value":"2","labl":"No hay una instituci\u00f3n cerca","is_missing":null,"stats":[]},{"value":"3","labl":"Cuidan al ni\u00f1o en la casa","is_missing":null,"stats":[]},{"value":"4","labl":"No est\u00e1 en edad de asistir","is_missing":null,"stats":[]},{"value":"5","labl":"No lo reciben por su discapacidad","is_missing":null,"stats":[]},{"value":"6","labl":"Otro","is_missing":null,"stats":[]}],"var_codinstr":null,"var_concept":[],"var_format":{"type":"numeric","schema":"other","category":null,"name":null},"var_notes":null,"var_val_range":{"min":"1","max":"6"},"fid":"F4","sid":"465","survey_idno":"PROFAMILIA-ENDS-2010"}