{"file_id":"F4","vid":"V255","name":"QH78O","var_intrvl":"discrete","var_dcml":"0","var_wgt":null,"var_is_wgt":null,"loc_start_pos":"268","loc_end_pos":"269","loc_width":"2","loc_rec_seg_no":"1","labl":"N\u00famero de orden en el hogar","var_imputation":null,"var_security":null,"var_resp_unit":"Directo","var_analysis_unit":null,"var_qstn_preqtxt":"Es la persona la misma que el respondiente","var_qstn_qstnlit":"N\u00famero de orden en el hogar","var_qstn_postqtxt":"Cu\u00e1l fue la causa m\u00e1s importante\/grave por la que estuvo hospitalizado?","var_qstn_ivuinstr":"En la pregunta 78 se indaga si en los \u00faltimos 12 meses alguna persona del hogar estuvo hospitalizada, es decir, que estuvo por al menos un d\u00eda en un hospital o cl\u00ednica para tratarse la causa de la hospitalizaci\u00f3n, ya sea embarazo, cirug\u00eda, enfermedad, accidente de trabajo, accidente de tr\u00e1nsito, otro tipo de accidente, heridas con armas de fuego o arma blanca, violencia intrafamiliar u otra causa. Si la respuesta es positiva, se anota el Nombre y el N\u00famero de Orden de la persona dentro del Cuestionario de Hogar.","var_universe":"Est\u00e1 constituido por el 99 por ciento de la poblaci\u00f3n civil residente en hogares particulares de las zonas urbana y rural de los 32 departamentos del pa\u00eds y Bogot\u00e1. Por motivo de los costos elevados, se excluy\u00f3 del universo, a la poblaci\u00f3n rural dispersa de los departamentos de la Amazon\u00eda y Orinoqu\u00eda que representa menos del 1 por ciento de la poblaci\u00f3n total del pa\u00eds.","var_universe_clusion":"I","var_sumstat":[{"value":"0","type":"vald","wgtd":null},{"value":"0","type":"invd","wgtd":null}],"var_txt":null,"var_catgry":[],"var_codinstr":null,"var_concept":[],"var_format":{"type":"numeric","schema":"other","category":null,"name":null},"var_notes":null,"var_val_range":{"min":"1","max":"18"},"fid":"F4","sid":"465","survey_idno":"PROFAMILIA-ENDS-2010"}