{"file_id":"F31","vid":"V473","name":"LIMITACION_CODIGO","var_intrvl":"discrete","var_dcml":null,"var_wgt":null,"var_is_wgt":null,"loc_start_pos":"94","loc_end_pos":"95","loc_width":"2","loc_rec_seg_no":"1","labl":"Codigo de la Limitacion Fisica","var_imputation":null,"var_security":"El acceso a microdatos y Mam-up se considera como de tratamiento especial respecto a la reserva estad\u00edstica por tanto estar\u00e1 sujeto a la reglamentaci\u00f3n que para el efecto defina el Comit\u00e9 de Aseguramiento de la reserva estad\u00edstica. Resoluci\u00f3n 173 de 2008.","var_resp_unit":"La fuente primaria de informaci\u00f3n son las sedes educativas (establecimientos) de educaci\u00f3n formal, legalmente constituidas, del sector oficial y del sector no oficial, que ofrecen los niveles de preescolar, b\u00e1sica primaria, b\u00e1sica secundaria y media, localizados en el \u00e1rea urbana y en el \u00e1rea rural dentro del territorio nacional. \n\nEl informante id\u00f3neo es el rector o el representante legal de la unidad de observaci\u00f3n.","var_analysis_unit":null,"var_qstn_preqtxt":null,"var_qstn_qstnlit":"LIMITACION_CODIGO\tLIMITACION_NOMBRE\n\t\n02\t                                Visual\t\n03\t                                Motora\t\n04\t                                Sin habla-Mudo\t\n05\t                                Sordomudo\t\n06\t                                Cognitiva\t\n07\t                                M\u00faltiple","var_qstn_postqtxt":null,"var_qstn_ivuinstr":null,"var_universe":"Sedes educativas de educaci\u00f3n formal, legalmente constituidas, del sector oficial y del sector no oficial, que ofrecen los niveles de preescolar, b\u00e1sica primaria, b\u00e1sica secundaria y media, localizadas en el \u00e1rea urbana y en el \u00e1rea rural dentro del territorio nacional.","var_universe_clusion":"I","var_sumstat":[{"value":"0","type":"vald","wgtd":null},{"value":"0","type":"invd","wgtd":null}],"var_txt":"LIMITACION_CODIGO      LIMITACION_NOMBRE\t\n\n                 01\t          Auditiva\t\n                 02\t          Visual\t\n                 03\t          Motora\t\n                 04\t          Sin habla-Mudo\t\n                 05\t          Sordomudo\t\n                 06\t          Cognitiva\t\n                 07\t          M\u00faltiple\t\n                 98\t          Otra\t\n                 08\t          No hay estudiantes matriculados con limitaciones f\u00edsicas o discapacidad cognitiva","var_catgry":[],"var_codinstr":null,"var_concept":[],"var_format":{"type":"character","schema":"other","category":null,"name":null},"var_notes":null,"var_val_range":{"min":null,"max":null},"fid":"F31","sid":"503","survey_idno":"DANE-DIMPE-INVESTIGACI\u00d3N-DE-EDUCACI\u00d3N-FORMAL-2016-2"}