{"file_id":"F15","vid":"V1041","name":"P_S6P47A","var_intrvl":"discrete","var_dcml":"0","var_wgt":null,"var_is_wgt":null,"loc_start_pos":null,"loc_end_pos":null,"loc_width":null,"loc_rec_seg_no":null,"labl":"\u00bfEn qu\u00e9 mes se sembr\u00f3 o plant\u00f3 en este lote?","var_imputation":null,"var_security":"El acceso a microdatos y Mam-up se considera como de tratamiento especial respecto a la reserva estad\u00edstica por tanto estar\u00e1 sujeto a la reglamentaci\u00f3n que para el efecto defina el Comit\u00e9 de Aseguramiento de la reserva estad\u00edstica. Resoluci\u00f3n 173 de 2008","var_resp_unit":"Productor agropecuario o persona diferente que conozca con detalle las actividades que se desarrollan en el predio o en la UPA, es decir, que est\u00e1 en capacidad de responder el cuestionario censal.","var_analysis_unit":null,"var_qstn_preqtxt":"46. \u00bfCu\u00e1l cultivo o plantaci\u00f3n forestal tiene el lote?","var_qstn_qstnlit":"47. \u00bf En qu\u00e9 mes y a\u00f1o se sembr\u00f3 o plant\u00f3 en este lote?\n\na. Mes\n\n1\tEnero\n2\tFebrero\n3\tMarzo\n4\tAbril\n5\tMayo\n6\tJunio\n7\tJulio\n8\tAgosto\n9\tSeptiembre\n10\tOctubre\n11\tNoviembre\n12\tDiciembre\n99\tNo Sabe\/No Recuerda","var_qstn_postqtxt":"47. \u00bf En qu\u00e9 mes y a\u00f1o se sembr\u00f3 o plant\u00f3 en este lote?\n\nb. A\u00f1o\n\n2013\tA\u00f1o 2013\n2014\tA\u00f1o 2014\n2015\tA\u00f1o 2015\n9999\tSin Informaci\u00f3n","var_qstn_ivuinstr":"Esta es una pregunta abierta, donde se registra el mes y a\u00f1o de siembra de los cultivos transitorios, permantentes o forrajeros, o de las plantaciones forestales. \n? Cultivos transitorio y forrajes se registra el mes y a\u00f1o de siembra \n? Cultivos permanentes y plantaciones forestales el a\u00f1o de plantaci\u00f3n","var_universe":"La delimitaci\u00f3n del universo de estudio del 3er CNA requiere el estudio de la totalidad del \u00e1rea rural del pa\u00eds, que figura en los registros catastrales del Instituto Geogr\u00e1fico Agust\u00edn Codazzi (IGAC) y que est\u00e1 conformado por 3,8 millones de registros prediales correspondientes a 76.960.606 hect\u00e1reas; 756 resguardos ind\u00edgenas que abarcan 31.998.218  hect\u00e1reas y 166 Territorios Colectivos de Comunidades Negras (TCCN), que se extienden sobre 5.215.976 hect\u00e1reas, con lo cual se cubren 113.985.800 de hect\u00e1reas equivalentes al 99% del \u00e1rea rural continental e insular del pa\u00eds, distribuidos en los 1.101 municipios, 20 \u00e1reas biodiversas del pa\u00eds y el Archipi\u00e9lago de San Andr\u00e9s, Providencia y Santa Catalina.","var_universe_clusion":"I","var_sumstat":[{"value":"0","type":"vald","wgtd":null},{"value":"0","type":"invd","wgtd":null}],"var_txt":null,"var_catgry":[{"value":"1","labl":"Enero","is_missing":null,"stats":[]},{"value":"2","labl":"Febrero","is_missing":null,"stats":[]},{"value":"3","labl":"Marzo","is_missing":null,"stats":[]},{"value":"4","labl":"Abril","is_missing":null,"stats":[]},{"value":"5","labl":"Mayo","is_missing":null,"stats":[]},{"value":"6","labl":"Junio","is_missing":null,"stats":[]},{"value":"7","labl":"Julio","is_missing":null,"stats":[]},{"value":"8","labl":"Agosto","is_missing":null,"stats":[]},{"value":"9","labl":"Septiembre","is_missing":null,"stats":[]},{"value":"10","labl":"Octubre","is_missing":null,"stats":[]},{"value":"11","labl":"Noviembre","is_missing":null,"stats":[]},{"value":"12","labl":"Diciembre","is_missing":null,"stats":[]}],"var_codinstr":null,"var_concept":[],"var_format":{"type":"numeric","schema":"other","category":null,"name":null},"var_notes":"Se registran los cultivos y plantaciones forestales existentes el d\u00eda de la entrevista y la producci\u00f3n de los cultivos sembrados y cosechados en el 2013, esto significa que se registra la producci\u00f3n en el 2013 de los cultivos permanentes y presentes el d\u00eda de la entrevista; para los lotes con cultivos transitorios y barbechos existentes el d\u00eda de la entrevista, se averigua por el pasado desde el primero de enero del 2013, los cultivos sembrados y cosechados en el 2013, en este caso hay que averiguar por el pasado de estos lotes y registrar por  separado cada cultivo que se haya cosechado durante el 2013 independiente de que se haya sembrado en el 2012 o antes.","var_val_range":{"min":null,"max":null},"fid":"F15","sid":"513","survey_idno":"DANE-DCD-CNA-2014"}