{"file_id":"F10","vid":"V567","name":"P_S15P172","var_intrvl":"discrete","var_dcml":"0","var_wgt":null,"var_is_wgt":null,"loc_start_pos":null,"loc_end_pos":null,"loc_width":null,"loc_rec_seg_no":null,"labl":"\u00bfDonde o con qui\u00e9n permanece...durante la mayor parte del tiempo entre semana?","var_imputation":null,"var_security":"El acceso a microdatos y Mam-up se considera como de tratamiento especial respecto a la reserva estad\u00edstica por tanto estar\u00e1 sujeto a la reglamentaci\u00f3n que para el efecto defina el Comit\u00e9 de Aseguramiento de la reserva estad\u00edstica. Resoluci\u00f3n 173 de 2008","var_resp_unit":"Productor agropecuario o persona diferente que conozca con detalle las actividades que se desarrollan en el predio o en la UPA, es decir, que est\u00e1 en capacidad de responder el cuestionario censal.","var_analysis_unit":null,"var_qstn_preqtxt":"171. \u00bfA cu\u00e1l pueblo ind\u00edgena pertenece\u2026?.","var_qstn_qstnlit":"172. \u00bfDonde o con qui\u00e9n permanece...durante la mayor parte del tiempo entre semana?\n\n1\tAsiste a un hogar comunitario; guarder\u00eda; jard\u00edn o centro de desarrollo infantil\n2\tCon su padre o madre en la casa\n3\tCon su padre o madre en el trabajo\n4\tCon empleada o ni\u00f1era en la casa\n5\tAl cuidado de un pariente 18 a\u00f1os o m\u00e1s\n6\tEn casa solo\n7\tAl cuidado de un pariente menor de 18 a\u00f1os\n8\tOtro","var_qstn_postqtxt":"173. \u00bfsabe leer y escribir espa\u00f1ol?","var_qstn_ivuinstr":"Respuesta de opci\u00f3n \u00fanica, marque sobre la casilla el n\u00famero de la respuesta entre las siguientes opciones: \n1. Asiste a un hogar comunitario, guarder\u00eda, jard\u00edn o centro de desarrollo infantil. \n\n2. Con su padre o madre, en la casa \n3. Con su padre o madre, en el trabajo \n4. Con empleada o ni\u00f1era en la casa \n5. Al cuidado de un pariente 18 a\u00f1os o m\u00e1s \n6. Al cuidado de un pariente menor de 18 a\u00f1os \n7. En casa solo \n8. Otro \n\nEl objetivo de esta pregunta es identificar la persona o instituci\u00f3n, sobre la cual recae la responsabilidad de la atenci\u00f3n y cuidado de los ni\u00f1os menores de 5 a\u00f1os. As\u00ed mismo, determinar la cobertura de los establecimientos p\u00fablicos y privados, destinados a la protecci\u00f3n y aprendizaje del menor. La informaci\u00f3n para esta pregunta deber\u00e1 ser suministrada por el jefe de hogar o su c\u00f3nyuge o la madre o padre o la persona del hogar encargada de su cuidado, cuando el ni\u00f1o no viva con alguno de sus padres. \n\nNo se acepta informaci\u00f3n de la empleada dom\u00e9stica.\n \nSe busca identificar a la persona o instituci\u00f3n que cuida a los ni\u00f1os menores de 5 a\u00f1os, durante la mayor parte del tiempo entre semana. Es importante registrar en forma correcta la respuesta que da la persona; la condici\u00f3n del ni\u00f1o que esta al cuidado de los padres no es la misma de aquel que permanece solo, o est\u00e1 bajo la responsabilidad de un menor de 18 a\u00f1os, o del ni\u00f1o que recibe atenci\u00f3n en un centro especializado con profesionales. Lea cuidadosamente la pregunta y cada una de las alternativas de respuesta. Si el ni\u00f1o permanece la mayor parte del tiempo entre semana en un hogar comunitario, guarder\u00eda o preescolar o una de las restantes 7 preguntas contin\u00fae formulando las preguntas de esta secci\u00f3n del formulario.","var_universe":"La delimitaci\u00f3n del universo de estudio del 3er CNA requiere el estudio de la totalidad del \u00e1rea rural del pa\u00eds, que figura en los registros catastrales del Instituto Geogr\u00e1fico Agust\u00edn Codazzi (IGAC) y que est\u00e1 conformado por 3,8 millones de registros prediales correspondientes a 76.960.606 hect\u00e1reas; 756 resguardos ind\u00edgenas que abarcan 31.998.218 hect\u00e1reas y 166 Territorios Colectivos de Comunidades Negras (TCCN), que se extienden sobre 5.215.976 hect\u00e1reas, con lo cual se cubren 113.985.800 de hect\u00e1reas equivalentes al 99% del \u00e1rea rural continental e insular del pa\u00eds, distribuidos en los 1.101 municipios, 20 \u00e1reas biodiversas del pa\u00eds y el Archipi\u00e9lago de San Andr\u00e9s, Providencia y Santa Catalina.","var_universe_clusion":"I","var_sumstat":[{"value":"0","type":"vald","wgtd":null},{"value":"0","type":"invd","wgtd":null}],"var_txt":null,"var_catgry":[{"value":"1","labl":"Asiste a un hogar comunitario; guarder\u00eda; jard\u00edn o centro de desarrollo infantil","is_missing":null,"stats":[]},{"value":"2","labl":"Con su padre o madre en la casa","is_missing":null,"stats":[]},{"value":"3","labl":"Con su padre o madre en el trabajo","is_missing":null,"stats":[]},{"value":"4","labl":"Con empleada o ni\u00f1era en la casa","is_missing":null,"stats":[]},{"value":"5","labl":"Al cuidado de un pariente 18 a\u00f1os o m\u00e1s","is_missing":null,"stats":[]},{"value":"6","labl":"En casa solo","is_missing":null,"stats":[]},{"value":"7","labl":"Al cuidado de un pariente menor de 18 a\u00f1os","is_missing":null,"stats":[]},{"value":"8","labl":"Otro","is_missing":null,"stats":[]}],"var_codinstr":null,"var_concept":[],"var_format":{"type":"numeric","schema":"other","category":null,"name":null},"var_notes":null,"var_val_range":{"min":null,"max":null},"fid":"F10","sid":"513","survey_idno":"DANE-DCD-CNA-2014"}