{"file_id":"F1","vid":"V2822","name":"C10d","var_intrvl":"discrete","var_dcml":"0","var_wgt":null,"var_is_wgt":null,"loc_start_pos":null,"loc_end_pos":null,"loc_width":"1","loc_rec_seg_no":"1","labl":"Recibi\u00f3 alg\u00fan incentivo o est\u00edmulo por\nsu trabajo.","var_imputation":null,"var_security":"El acceso a microdatos y Mam-up se considera como de tratamiento especial respecto a la reserva estad\u00edstica por tanto estar\u00e1 sujeto a la reglamentaci\u00f3n que para el efecto defina el Comit\u00e9 de Aseguramiento de la reserva estad\u00edstica. Resoluci\u00f3n 173 de 2008.","var_resp_unit":null,"var_analysis_unit":null,"var_qstn_preqtxt":"Durante los \u00faltimos doce meses\u2026 \n\nc. Accedi\u00f3 a alg\u00fan programa de bienestar social en su entidad: \n\n1\tS\u00ed\n2\tNo","var_qstn_qstnlit":"Durante los \u00faltimos doce meses\u2026 \n\nd. Recibi\u00f3 alg\u00fan incentivo o est\u00edmulo por su trabajo.\n\n1\tS\u00ed\n2\tNo","var_qstn_postqtxt":"Durante los \u00faltimos doce meses\u2026 \n\ne. Particip\u00f3 en alguna jornada de inducci\u00f3n o reinducci\u00f3n de su entidad \n\n1\tS\u00ed\n2\tNo","var_qstn_ivuinstr":"La pregunta de esta secci\u00f3n tiene como objetivo identificar el acceso de los servidores p\u00fablicos a algunos incentivos o reconocimientos por su labor establecidos por la ley. \nd. Recibi\u00f3 alg\u00fan incentivo o est\u00edmulo por su trabajo: los tipos de incentivos pueden ser reconocimientos y recompensas formales o informales, monetarias o no monetarias.","var_universe":"Servidores p\u00fablicos pertenecientes al nivel central de las gobernaciones del territorio nacional y del Distrito Capital (Bogot\u00e1 D.C.).","var_universe_clusion":"I","var_sumstat":[{"value":"0","type":"vald","wgtd":null},{"value":"0","type":"invd","wgtd":null}],"var_txt":null,"var_catgry":[{"value":"1","labl":"Si","is_missing":null,"stats":[]},{"value":"2","labl":"No","is_missing":null,"stats":[]}],"var_codinstr":null,"var_concept":[],"var_format":{"type":"numeric","schema":"other","category":null,"name":null},"var_notes":null,"var_val_range":{"min":null,"max":null},"fid":"F1","sid":"527","survey_idno":"DANE-DIMPE-EDID-2017"}