{"file_id":"F28","vid":"V2202","name":"P1160S1A2","var_intrvl":"contin","var_dcml":"0","var_wgt":null,"var_is_wgt":null,"loc_start_pos":"112","loc_end_pos":"113","loc_width":"2","loc_rec_seg_no":"1","labl":"Minutos","var_imputation":null,"var_security":null,"var_resp_unit":"La informaci\u00f3n la suministra directamente cada una de las personas de 10 a\u00f1os y m\u00e1s. Para las personas de 5 a 9 a\u00f1os responde el padre, la madre, o la persona del hogar de 18 a\u00f1os o m\u00e1s que est\u00e1 a cargo de su cuidado, cuando los padres no forman parte del hogar. En el caso de personas que por su condici\u00f3n de discapacidad no est\u00e9n en posibilidades de brindar la informaci\u00f3n, esta podr\u00e1 ser dada por la persona mayor de 18 a\u00f1os encargada de su cuidado.","var_analysis_unit":null,"var_qstn_preqtxt":"G.6. El d\u00eda [...], \u00bf<...> asisti\u00f3 a la instituci\u00f3n educativa en donde estudia?\n\n1\tS\u00ed\n\nHoras","var_qstn_qstnlit":"G.6. El d\u00eda [...], \u00bf<...> asisti\u00f3 a la instituci\u00f3n educativa en donde estudia?\n\n1\tS\u00ed\n\nMinutos","var_qstn_postqtxt":"G.7. En total, \u00bfcu\u00e1nto tiempo gast\u00f3\u2026  el d\u00eda [...], en su viaje de ida a la instituci\u00f3n educativa en donde estudia? \n\nHoras","var_qstn_ivuinstr":"Esta pregunta busca establecer si el d\u00eda de referencia la persona asisti\u00f3 al establecimiento educativo en donde estudia y as\u00ed cuantificar el tiempo que dedic\u00f3 a asistir.\nLea la pregunta, espere respuesta y marque la opci\u00f3n correspondiente a la informaci\u00f3n dada por la persona. Esta pregunta admite \u00fanica respuesta.\nEn caso de respuesta afirmativa proceda a preguntar el tiempo y registre las horas y los minutos que el encuestado reporte.\n\n\nRECUERDE QUE\u2026\n\n-\tAunque una persona se encuentre asistiendo regularmente, es posible que el d\u00eda de referencia no lo hiciera bien sea por tratarse de un domingo, o porque est\u00e9 enferma, en vacaciones o tuviera que realizar alguna actividad que se lo impidiera.\n-\tAlgunas personas estudian a distancia; en caso de que el d\u00eda de referencia la persona asisti\u00f3 de forma virtual, registre el tiempo que dedic\u00f3 a esa actividad.\n-\tEsta pregunta tiene flujo, en caso de respuesta negativa pasa a la pregunta G8","var_universe":null,"var_universe_clusion":null,"var_sumstat":[{"value":"0","type":"vald","wgtd":null},{"value":"0","type":"invd","wgtd":null}],"var_txt":null,"var_catgry":[],"var_codinstr":null,"var_concept":[],"var_format":{"type":"numeric","schema":"other","category":null,"name":null},"var_notes":null,"var_val_range":{"min":"0","max":"50"},"fid":"F28","sid":"552","survey_idno":"DANE-DIMPE-ENUT-2016-2017"}