{"file_id":"F28","vid":"V2205","name":"P1100","var_intrvl":"discrete","var_dcml":"2","var_wgt":null,"var_is_wgt":null,"loc_start_pos":"124","loc_end_pos":"128","loc_width":"5","loc_rec_seg_no":"1","labl":"\u00bfPor qu\u00e9 motivo principal <...>  no asisti\u00f3 el d\u00eda [...] a la instituci\u00f3n educativa?","var_imputation":null,"var_security":"El acceso a microdatos y Mam-up se considera como de tratamiento especial respecto a la reserva estad\u00edstica por tanto estar\u00e1 sujeto a la reglamentaci\u00f3n que para el efecto defina el Comit\u00e9 de Aseguramiento de la reserva estad\u00edstica. Resoluci\u00f3n 173 de 2008.","var_resp_unit":"La informaci\u00f3n la suministra directamente cada una de las personas de 10 a\u00f1os y m\u00e1s. Para las personas de 5 a 9 a\u00f1os responde el padre, la madre, o la persona del hogar de 18 a\u00f1os o m\u00e1s que est\u00e1 a cargo de su cuidado, cuando los padres no forman parte del hogar. En el caso de personas que por su condici\u00f3n de discapacidad no est\u00e9n en posibilidades de brindar la informaci\u00f3n, esta podr\u00e1 ser dada por la persona mayor de 18 a\u00f1os encargada de su cuidado.","var_analysis_unit":null,"var_qstn_preqtxt":"G.6. El d\u00eda [...], \u00bf<...> asisti\u00f3 a la instituci\u00f3n educativa en donde estudia?\n\n1\tS\u00ed\n2\tNo  (Pase a 8)","var_qstn_qstnlit":"G.8. \u00bfPor qu\u00e9 motivo principal <...>  no asisti\u00f3 el d\u00eda [...] a la instituci\u00f3n educativa?\n\n1\tD\u00eda festivo o fin de semana.\n2              Estudia los fines de semana.\n3              Estudia d\u00edas espec\u00edficos entre semana. \n4              Entrega de boletines, reuni\u00f3n de padres o eventos especiales de la instituci\u00f3n.\n5\tVacaciones.\n6\tParo.\n7\tEnfermedad\/ Asistir a servicios de salud.\n8\tRealizar labores del hogar.\n9\tTrabajo.\n10\tOtro. \u00bfcu\u00e1l?_____","var_qstn_postqtxt":"G. 9. \u00bfEn qu\u00e9 nivel est\u00e1 matriculado <...> y qu\u00e9 grado o a\u00f1o cursa?\n\nNiveles\n\n1\tPreescolar\n2\tPrimaria\n3\tSecundaria o media\n4\tT\u00e9cnico\n5\tTecnol\u00f3gico\n6\tUniversitario\n7\tEspecializaci\u00f3n\n8\tMaestr\u00eda\n9\tDoctorado\n\nPase a G11","var_qstn_ivuinstr":"Lea la pregunta, espere respuesta y marque la opci\u00f3n correspondiente a la informaci\u00f3n dada por la persona. Esta pregunta admite \u00fanica respuesta.\n\nRECUERDE QUE\u2026\n\n-\tLa pregunta indaga por el motivo principal por el que el encuestado no asisti\u00f3 a la instituci\u00f3n educativa en el d\u00eda de referencia. Por lo tanto, si la persona encuestada manifiesta que no asisti\u00f3 por varios motivos, realice un buen sondeo hasta establecer cu\u00e1l es el que \u00e9l considera como principal.\n\n-\tSi la persona encuestada no asisti\u00f3 el d\u00eda de referencia por encontrarse bajo efectos relacionados con el consumo de alcohol u otras sustancias, marque la opci\u00f3n 10 \u201cOtro\u201d y escriba \u201cPor consumo de alcohol u otras sustancias\u201d.","var_universe":"El universo para la Encuesta Nacional de Uso del Tiempo est\u00e1 conformado por la poblaci\u00f3n civil no institucional residente en todo el territorio nacional. \n\nEste cap\u00edtulo va dirigido a todas las personas de 5 a\u00f1os y m\u00e1s.","var_universe_clusion":"I","var_sumstat":[{"value":"0","type":"vald","wgtd":null},{"value":"0","type":"invd","wgtd":null}],"var_txt":null,"var_catgry":[{"value":"10","labl":"Otro. \u00bfcu\u00e1l?_____","is_missing":null,"stats":[]},{"value":"9","labl":"Trabajo.","is_missing":null,"stats":[]},{"value":"8","labl":"Realizar labores del hogar.","is_missing":null,"stats":[]},{"value":"7","labl":"Enfermedad\/ Asistir a servicios de salud.","is_missing":null,"stats":[]},{"value":"6","labl":"Paro.","is_missing":null,"stats":[]},{"value":"5","labl":"Vacaciones.","is_missing":null,"stats":[]},{"value":"4","labl":"Entrega de boletines, reuni\u00f3n de padres o eventos especiales de la instituci\u00f3n.","is_missing":null,"stats":[]},{"value":"3","labl":"Estudia d\u00edas espec\u00edficos entre semana.","is_missing":null,"stats":[]},{"value":"2","labl":"Estudia los fines de semana.","is_missing":null,"stats":[]},{"value":"1","labl":"D\u00eda festivo o fin de semana.","is_missing":null,"stats":[]}],"var_codinstr":null,"var_concept":[],"var_format":{"type":"numeric","schema":"other","category":null,"name":null},"var_notes":null,"var_val_range":{"min":"1","max":"7"},"fid":"F28","sid":"552","survey_idno":"DANE-DIMPE-ENUT-2016-2017"}