{"file_id":"F4","vid":"V185","name":"P6410S1","var_intrvl":"discrete","var_dcml":null,"var_wgt":null,"var_is_wgt":null,"loc_start_pos":"209","loc_end_pos":"267","loc_width":"59","loc_rec_seg_no":"1","labl":"Otra \u00bfcu\u00e1l?","var_imputation":null,"var_security":"El acceso a microdatos y Mam-up se considera como de tratamiento especial respecto a la reserva estad\u00edstica por tanto estar\u00e1 sujeto a la reglamentaci\u00f3n que para el efecto defina el Comit\u00e9 de Aseguramiento de la reserva estad\u00edstica. Resoluci\u00f3n 173 de 2008.","var_resp_unit":"La encuesta utiliza informante directo para las personas de 18 a\u00f1os y m\u00e1s, y para aquellas de 10 a 17 a\u00f1os que trabajen o est\u00e9n buscando trabajo. Para los dem\u00e1s se acepta informante id\u00f3neo (persona del hogar mayor de 18 a\u00f1os, que a falta del informante directo pueda responder correctamente las preguntas). No se acepta informaci\u00f3n de empleados del servicio dom\u00e9stico, pensionistas, vecinos o menores, excepto cuando el menor de edad es el jefe del hogar o c\u00f3nyuge.","var_analysis_unit":null,"var_qstn_preqtxt":"7A. La empresa que contrato a \u2026 es:\t\n\nd.\tOtra","var_qstn_qstnlit":"7A. La empresa que contrato a \u2026 es:\t\n\n\u00bfCu\u00e1l? __________________","var_qstn_postqtxt":"8. \u00bfCual es la actividad de la empresa o persona que lo contrat\u00f3?","var_qstn_ivuinstr":"Esta pregunta se responde siempre y cuando se haya marcado la opci\u00f3n 4 (d.\tOtra) en la pregunta 7A(P6410) del cap\u00edtulo I. OCUPADOS.\n\nEl objetivo de la pregunta es indagar por el tipo de empresa que contrat\u00f3 a la persona, teniendo en cuenta la creciente importancia de las cooperativas y empresas asociativas de trabajo.\n\nSi el encuestado informa una alternativa que no se asimila a ninguna de las anteriores, se debe diligenciar Otra, \u00bfcu\u00e1l?","var_universe":"El universo para la Gran Encuesta Integrada de Hogares est\u00e1 conformado por la poblaci\u00f3n civil no institucional, residente en todo el territorio nacional; va dirigida a todos los hogares encontrados en la vivienda y solamente para personas de 10 a\u00f1os y m\u00e1s que hayan marcado la opci\u00f3n 4 (d. Otra) en la pregunta 7A(P6410) del cap\u00edtulo I. OCUPADOS.","var_universe_clusion":"I","var_sumstat":[{"value":"70","type":"vald","wgtd":null},{"value":"0","type":"invd","wgtd":null}],"var_txt":null,"var_catgry":[{"value":"SECRETARIA DE EDUCACION","labl":null,"is_missing":null,"stats":[{"value":"13","type":"freq","wgtd":null}]},{"value":"GOBERNACION DEPARTAMENTAL","labl":null,"is_missing":null,"stats":[{"value":"4","type":"freq","wgtd":null}]},{"value":"SERVICONFORT","labl":null,"is_missing":null,"stats":[{"value":"3","type":"freq","wgtd":null}]},{"value":"PROSEGUR LTDA","labl":null,"is_missing":null,"stats":[{"value":"3","type":"freq","wgtd":null}]},{"value":"SOCIEDAD DE APOYO AERONAUTICO-LASA","labl":null,"is_missing":null,"stats":[{"value":"2","type":"freq","wgtd":null}]},{"value":"IPS UNIVERSITARIA DE ANTIOQUIA","labl":null,"is_missing":null,"stats":[{"value":"2","type":"freq","wgtd":null}]},{"value":"GOBERNACION DE SAN ANDRES PROVIDENCIA Y SANTA CATALINA","labl":null,"is_missing":null,"stats":[{"value":"2","type":"freq","wgtd":null}]},{"value":"EMPRESA DE VIGILANCIA PRIVADA","labl":null,"is_missing":null,"stats":[{"value":"2","type":"freq","wgtd":null}]},{"value":"VIGILACIA Y SEGURIDAD PRIVADA - PROSEGUR","labl":null,"is_missing":null,"stats":[{"value":"1","type":"freq","wgtd":null}]},{"value":"UNA EMRESA DE VIGILANCIA PRIVADA","labl":null,"is_missing":null,"stats":[{"value":"1","type":"freq","wgtd":null}]},{"value":"UNA EMPRESA DE VIGILANCIA PRIVADA","labl":null,"is_missing":null,"stats":[{"value":"1","type":"freq","wgtd":null}]},{"value":"SU OPORTUNO SERVICIO SOS","labl":null,"is_missing":null,"stats":[{"value":"1","type":"freq","wgtd":null}]},{"value":"SU OPORTUNO SERVICIO (S.O.S)","labl":null,"is_missing":null,"stats":[{"value":"1","type":"freq","wgtd":null}]},{"value":"SU OPORTUNO SERVICIO","labl":null,"is_missing":null,"stats":[{"value":"1","type":"freq","wgtd":null}]},{"value":"SOILA  DE LA  ESPRILLA","labl":null,"is_missing":null,"stats":[{"value":"1","type":"freq","wgtd":null}]},{"value":"SEVICOL LTDA","labl":null,"is_missing":null,"stats":[{"value":"1","type":"freq","wgtd":null}]},{"value":"SERVICIO NACIONAL DE APRENDIZAJE","labl":null,"is_missing":null,"stats":[{"value":"1","type":"freq","wgtd":null}]},{"value":"SERVICIO DE ENTREGA DE LA SABANA","labl":null,"is_missing":null,"stats":[{"value":"1","type":"freq","wgtd":null}]},{"value":"SEGURIDAD PRIVADA SUPERIOR","labl":null,"is_missing":null,"stats":[{"value":"1","type":"freq","wgtd":null}]},{"value":"SEGURIDAD AUTONOMA LTDA","labl":null,"is_missing":null,"stats":[{"value":"1","type":"freq","wgtd":null}]},{"value":"SECRETARIA DE  EDUCACION","labl":null,"is_missing":null,"stats":[{"value":"1","type":"freq","wgtd":null}]},{"value":"SECRETARIA  DE    EDUCACION","labl":null,"is_missing":null,"stats":[{"value":"1","type":"freq","wgtd":null}]},{"value":"PROSEGUR","labl":null,"is_missing":null,"stats":[{"value":"1","type":"freq","wgtd":null}]},{"value":"IPS JAVE SALUD","labl":null,"is_missing":null,"stats":[{"value":"1","type":"freq","wgtd":null}]},{"value":"INTERSERVICIOS","labl":null,"is_missing":null,"stats":[{"value":"1","type":"freq","wgtd":null}]},{"value":"INMAQUIP INGENIERIA Y MONTAJE DE EQUIPOS AEROPORTUARIOS","labl":null,"is_missing":null,"stats":[{"value":"1","type":"freq","wgtd":null}]},{"value":"GOBERNACION DEPARTAMENTAL DE SAN ANDRES","labl":null,"is_missing":null,"stats":[{"value":"1","type":"freq","wgtd":null}]},{"value":"GOBERNACION DE SAN ANDRES PROVIDENCIA","labl":null,"is_missing":null,"stats":[{"value":"1","type":"freq","wgtd":null}]},{"value":"FUNDA  ARCHIPIELAGO","labl":null,"is_missing":null,"stats":[{"value":"1","type":"freq","wgtd":null}]},{"value":"FRANCISCO COLAVINI","labl":null,"is_missing":null,"stats":[{"value":"1","type":"freq","wgtd":null}]},{"value":"FRANCISCO COLABIN","labl":null,"is_missing":null,"stats":[{"value":"1","type":"freq","wgtd":null}]},{"value":"EMPRESA DE VIGILANCIA","labl":null,"is_missing":null,"stats":[{"value":"1","type":"freq","wgtd":null}]},{"value":"EMPRESA DE  VIGILANCIA","labl":null,"is_missing":null,"stats":[{"value":"1","type":"freq","wgtd":null}]},{"value":"EMPRESA  DE  VIGILANCIA  PRIVADA","labl":null,"is_missing":null,"stats":[{"value":"1","type":"freq","wgtd":null}]},{"value":"EMPRESA  DE  VIGILANCIA","labl":null,"is_missing":null,"stats":[{"value":"1","type":"freq","wgtd":null}]},{"value":"DARSER-SINDICATO DE ENFERMERA","labl":null,"is_missing":null,"stats":[{"value":"1","type":"freq","wgtd":null}]},{"value":"DARCER","labl":null,"is_missing":null,"stats":[{"value":"1","type":"freq","wgtd":null}]},{"value":"COOPERATIVA AUTONOMA DEL CARIBE","labl":null,"is_missing":null,"stats":[{"value":"1","type":"freq","wgtd":null}]},{"value":"CONSORCIO UNION TEMPORAL","labl":null,"is_missing":null,"stats":[{"value":"1","type":"freq","wgtd":null}]},{"value":"CONSECION AEROPORTUARIA DE SAN ANDRES Y PROVIDENCIA - CASYP","labl":null,"is_missing":null,"stats":[{"value":"1","type":"freq","wgtd":null}]},{"value":"CAPRECOM","labl":null,"is_missing":null,"stats":[{"value":"1","type":"freq","wgtd":null}]},{"value":"CAJASAI - CAJA  DE COMPENSACION DE SAN ANDRES","labl":null,"is_missing":null,"stats":[{"value":"1","type":"freq","wgtd":null}]},{"value":"CAJA DE COMPENSACION FAMILIAR DE SAN ANDRES - CAJASAI","labl":null,"is_missing":null,"stats":[{"value":"1","type":"freq","wgtd":null}]},{"value":"ALFA SEGURIDAD","labl":null,"is_missing":null,"stats":[{"value":"1","type":"freq","wgtd":null}]},{"value":"ALFA LTDA","labl":null,"is_missing":null,"stats":[{"value":"1","type":"freq","wgtd":null}]},{"value":"ALFA DE SEGURIDAD PRIVADA LTDA","labl":null,"is_missing":null,"stats":[{"value":"1","type":"freq","wgtd":null}]},{"value":"AERONAUTICA CIVIL","labl":null,"is_missing":null,"stats":[{"value":"1","type":"freq","wgtd":null}]}],"var_codinstr":null,"var_concept":[],"var_format":{"type":"character","schema":"other","category":null,"name":null},"var_notes":null,"var_val_range":{"min":null,"max":null},"fid":"F4","sid":"619","survey_idno":"DANE-DIMPE-GEIH-I-SEMESTRE-2013"}