{"file_id":"F4","vid":"V244","name":"P7140S9A1","var_intrvl":"discrete","var_dcml":null,"var_wgt":null,"var_is_wgt":null,"loc_start_pos":"655","loc_end_pos":"709","loc_width":"55","loc_rec_seg_no":"1","labl":"\u00bfcu\u00e1l?","var_imputation":null,"var_security":"El acceso a microdatos y Mam-up se considera como de tratamiento especial respecto a la reserva estad\u00edstica por tanto estar\u00e1 sujeto a la reglamentaci\u00f3n que para el efecto defina el Comit\u00e9 de Aseguramiento de la reserva estad\u00edstica. Resoluci\u00f3n 173 de 2008.","var_resp_unit":"La encuesta utiliza informante directo para las personas de 18 a\u00f1os y m\u00e1s, y para aquellas de 10 a 17 a\u00f1os que trabajen o est\u00e9n buscando trabajo. Para los dem\u00e1s se acepta informante id\u00f3neo (persona del hogar mayor de 18 a\u00f1os, que a falta del informante directo pueda responder correctamente las preguntas). No se acepta informaci\u00f3n de empleados del servicio dom\u00e9stico, pensionistas, vecinos o menores, excepto cuando el menor de edad es el jefe del hogar o c\u00f3nyuge.","var_analysis_unit":null,"var_qstn_preqtxt":"60. \u00bfPor que motivos ....... desea cambiar de trabajo o empleo:\n\ni.\tOtro?\n\n1\tS\u00ed","var_qstn_qstnlit":"60. \u00bfPor que motivos ....... desea cambiar de trabajo o empleo:\n\n\u00bfcu\u00e1l?_____________","var_qstn_postqtxt":"61. Durante las \u00daLTIMAS 4 SEMANAS,   \u00bf...... hizo diligencias para  cambiar de trabajo?\n\n1\tS\u00ed\n2\tNo","var_qstn_ivuinstr":"Esta pregunta se responde siempre y cuando se haya marcado la opci\u00f3n 1(Si) en la pregunta 60i(P7140S9) del cap\u00edtulo I. OCUPADOS.\n\n\nLea las alternativas\n\nEsta pregunta indaga por las razones por las cuales las personas desean cambiar de empleo.\n\nEs necesario aclarar que si la persona manifiesta una o m\u00e1s de las tres primeras alternativas: para mejorar la utilizaci\u00f3n de sus capacidades o formaci\u00f3n, desea mejorar sus ingresos, desea trabajar menos horas, se clasificar\u00e1 como subempleada.\n\nOtra finalidad de la pregunta es permitir el an\u00e1lisis de la calidad del empleo, asociada a las alternativas: porque el trabajo actual es temporal, problemas en el trabajo, no le gusta su trabajo actual, su trabajo actual exige mucho esfuerzo f\u00edsico o mental.\n\nSi el informante responde 1 (Si) en la alternativa: \"Otro, \u00bfcual?\" Describa claramente la raz\u00f3n expuesta por el encuestado.","var_universe":"El universo para la Gran Encuesta Integrada de Hogares est\u00e1 conformado por la poblaci\u00f3n civil no institucional, residente en todo el territorio nacional; va dirigida a todos los hogares encontrados en la vivienda y solamente para personas de 10 a\u00f1os y m\u00e1s haya marcado la opci\u00f3n 1(Si) en la pregunta 60i(P7140S9) del cap\u00edtulo I. OCUPADOS.","var_universe_clusion":"I","var_sumstat":[{"value":"28","type":"vald","wgtd":null},{"value":"0","type":"invd","wgtd":null}],"var_txt":null,"var_catgry":[{"value":"HORARIO NOCTURNO","labl":null,"is_missing":null,"stats":[{"value":"2","type":"freq","wgtd":null}]},{"value":"UN TRABAJO QUE LE PAGUEN TODAS LAS PRESTACIONES","labl":null,"is_missing":null,"stats":[{"value":"1","type":"freq","wgtd":null}]},{"value":"TENER TODAS LAS PRESTACIONES","labl":null,"is_missing":null,"stats":[{"value":"1","type":"freq","wgtd":null}]},{"value":"TENER SU PROPIO NEGOCIO","labl":null,"is_missing":null,"stats":[{"value":"1","type":"freq","wgtd":null}]},{"value":"TENER PRESTACIONES SOCIALES","labl":null,"is_missing":null,"stats":[{"value":"1","type":"freq","wgtd":null}]},{"value":"TENER PRESTACIONES","labl":null,"is_missing":null,"stats":[{"value":"1","type":"freq","wgtd":null}]},{"value":"QUIERE UNA JORNADA LABORAL DIURNA","labl":null,"is_missing":null,"stats":[{"value":"1","type":"freq","wgtd":null}]},{"value":"QUIERE EXPERIMENTAR OTRA TRABAJO","labl":null,"is_missing":null,"stats":[{"value":"1","type":"freq","wgtd":null}]},{"value":"QUIERE  UN TRABAJO  DONDE  TENGA TODAS SUS PRESTACIONES","labl":null,"is_missing":null,"stats":[{"value":"1","type":"freq","wgtd":null}]},{"value":"QUE SEA ESTABLE Y CON PRESTACIONES SOCIALES","labl":null,"is_missing":null,"stats":[{"value":"1","type":"freq","wgtd":null}]},{"value":"PORQUE  SIEMPRE  TIENE  TURNO  DE NOCHE","labl":null,"is_missing":null,"stats":[{"value":"1","type":"freq","wgtd":null}]},{"value":"POR LA JORNADA DE TRABAJO LOS FINES DE SEMANA","labl":null,"is_missing":null,"stats":[{"value":"1","type":"freq","wgtd":null}]},{"value":"POR  EL HORARIO NOCTURNO","labl":null,"is_missing":null,"stats":[{"value":"1","type":"freq","wgtd":null}]},{"value":"PARA TENER TODAS SUS  PRESTACIONES","labl":null,"is_missing":null,"stats":[{"value":"1","type":"freq","wgtd":null}]},{"value":"PARA TENER PRESTACIONES SOCIALES","labl":null,"is_missing":null,"stats":[{"value":"1","type":"freq","wgtd":null}]},{"value":"PARA TENER  UN  TRABAJO  CON  TODAS  SUS PRESTACIONES","labl":null,"is_missing":null,"stats":[{"value":"1","type":"freq","wgtd":null}]},{"value":"PARA TENER  PRESTACIONES SOCIALES","labl":null,"is_missing":null,"stats":[{"value":"1","type":"freq","wgtd":null}]},{"value":"PARA OBTENER SUS PRESTACIONES","labl":null,"is_missing":null,"stats":[{"value":"1","type":"freq","wgtd":null}]},{"value":"EL TRABAJO ESTA EN AREA  RURAL","labl":null,"is_missing":null,"stats":[{"value":"1","type":"freq","wgtd":null}]},{"value":"EL ESTABLECIMIENTO EN QUE TRABAJA QUEDA AREA RURAL","labl":null,"is_missing":null,"stats":[{"value":"1","type":"freq","wgtd":null}]},{"value":"DESEA TENER TODAS  LAS  PRESTACIONES","labl":null,"is_missing":null,"stats":[{"value":"1","type":"freq","wgtd":null}]},{"value":"DESEA RECUPERAR SU NEGOCIO PROPIO","labl":null,"is_missing":null,"stats":[{"value":"1","type":"freq","wgtd":null}]},{"value":"DESEA OBTENER TODAS SUS PRESTACIONES","labl":null,"is_missing":null,"stats":[{"value":"1","type":"freq","wgtd":null}]},{"value":"DESEA CONSEGUIR  UN TRABAJO CON TODAS SUS  PRESTACIONES","labl":null,"is_missing":null,"stats":[{"value":"1","type":"freq","wgtd":null}]},{"value":"DESEA  TENER UN TRABAJO CON TODAS  PRESTACIONES","labl":null,"is_missing":null,"stats":[{"value":"1","type":"freq","wgtd":null}]},{"value":"DESEA  CAMBIAR DE CUIDAD DE RESIDENCIA","labl":null,"is_missing":null,"stats":[{"value":"1","type":"freq","wgtd":null}]},{"value":"AGOTAMIENTO","labl":null,"is_missing":null,"stats":[{"value":"1","type":"freq","wgtd":null}]}],"var_codinstr":null,"var_concept":[],"var_format":{"type":"character","schema":"other","category":null,"name":null},"var_notes":null,"var_val_range":{"min":null,"max":null},"fid":"F4","sid":"623","survey_idno":"DANE-DIMPE-GEIH-II-SEMESTRE-2014"}