{"file_id":"F16","vid":"V461","name":"P1392S3","var_intrvl":"discrete","var_dcml":"0","var_wgt":null,"var_is_wgt":null,"loc_start_pos":"21","loc_end_pos":"22","loc_width":"2","loc_rec_seg_no":"1","labl":"Cu\u00e1ntos denunci\u00f3","var_imputation":null,"var_security":"El acceso a microdatos y mam-up se considera como de tratamiento especial respecto a la reserva estad\u00edstica por tanto estar\u00e1 sujeto a la reglamentaci\u00f3n que para el efecto defina el comit\u00e9 de aseguramiento de la reserva estad\u00edstica. Resoluci\u00f3n 173 de 2008.","var_resp_unit":"Responde el cap\u00edtulo el jefe (a) del hogar o su c\u00f3nyugue.","var_analysis_unit":null,"var_qstn_preqtxt":"Cu\u00e1ntas veces","var_qstn_qstnlit":"Cu\u00e1ntos denunci\u00f3","var_qstn_postqtxt":"\u00bfCu\u00e1ndo se present\u00f3 el \u00faltimo o \u00fanico hurto?\n\n1. Enero 2016\n2. Febrero 2016\n3. Marzo 2016\n4. Abril 2016\n5. Mayo 2016\n6. Junio 2016\n7. Julio 2016\n8. Agosto 2016\n9. Septiembre 2016\n10. Octubre 2016\n11. Noviembre 2016\n12. Diciembre 2016","var_qstn_ivuinstr":"Si el encuestado responde S\u00ed, debe preguntar cu\u00e1ntas veces durante 2016 ocurri\u00f3 este hecho, cu\u00e1ntos de esos hechos fueron denunciados y registrarlo en las casillas dispuestas para tal fin.","var_universe":"Est\u00e1 compuesto por la poblaci\u00f3n civil no institucional residente habitual de los hogares en todo el territorio nacional.","var_universe_clusion":"I","var_sumstat":[{"value":"0","type":"vald","wgtd":null},{"value":"0","type":"invd","wgtd":null}],"var_txt":null,"var_catgry":[],"var_codinstr":null,"var_concept":[],"var_format":{"type":"numeric","schema":"other","category":null,"name":null},"var_notes":null,"var_val_range":{"min":"0","max":"12"},"fid":"F16","sid":"642","survey_idno":"DANE-DIMPE-ECSC-2018"}