{"file_id":"F21","vid":"V680","name":"P566","var_intrvl":"discrete","var_dcml":"0","var_wgt":null,"var_is_wgt":null,"loc_start_pos":"15","loc_end_pos":"16","loc_width":"2","loc_rec_seg_no":"1","labl":"\u00bfEn qu\u00e9 mes se present\u00f3 el \u00faltimo o \u00fanico hurto?","var_imputation":null,"var_security":"El acceso a microdatos y mam-up se considera como de tratamiento especial respecto a la reserva estad\u00edstica por tanto estar\u00e1 sujeto a la reglamentaci\u00f3n que para el efecto defina el comit\u00e9 de aseguramiento de la reserva estad\u00edstica. Resoluci\u00f3n 173 de 2008.","var_resp_unit":"Responden las personas de 15 a\u00f1os y m\u00e1s que conforman el hogar.","var_analysis_unit":null,"var_qstn_preqtxt":"Cu\u00e1ntos denunci\u00f3","var_qstn_qstnlit":"1. \u00bfEn qu\u00e9 mes se present\u00f3 el \u00faltimo o \u00fanico hurto?\n\n1. Enero 2018\n2. Febrero 2018\n3. Marzo 2018\n4. Abril 2018\n5. Mayo 2018\n6. Junio 2018\n7. Julio 2018\n8. Agosto 2018\n9. Septiembre 2018\n10. Octubre 2018\n11. Noviembre 2018\n12. Diciembre 2018","var_qstn_postqtxt":"En el \u00fanico o \u00faltimo hurto, \u00bfqu\u00e9 tipo de veh\u00edculo (parte o completo) le fue hurtado a ...?\n\n  1.Autom\u00f3vil u otro automotor\n  2. Motocicleta \n  3. Bicicicleta","var_qstn_ivuinstr":"Lea la pregunta, espere la respuesta y seleccione de las opciones el mes correspondiente. Tenga en cuenta que el per\u00edodo de referencia es \u00abdesde enero hasta diciembre 2016\u00bb.","var_universe":"Est\u00e1 compuesto por la poblaci\u00f3n civil no institucional residente habitual de los hogares en todo el territorio nacional.","var_universe_clusion":"I","var_sumstat":[{"value":"0","type":"vald","wgtd":null},{"value":"0","type":"invd","wgtd":null}],"var_txt":null,"var_catgry":[{"value":"1","labl":"Enero 2018","is_missing":null,"stats":[]},{"value":"2","labl":"Febrero 2018","is_missing":null,"stats":[]},{"value":"3","labl":"Marzo 2018","is_missing":null,"stats":[]},{"value":"4","labl":"Abril 2018","is_missing":null,"stats":[]},{"value":"5","labl":"Mayo 2018","is_missing":null,"stats":[]},{"value":"6","labl":"Junio 2018","is_missing":null,"stats":[]},{"value":"7","labl":"Julio 2018","is_missing":null,"stats":[]},{"value":"8","labl":"Agosto 2018","is_missing":null,"stats":[]},{"value":"9","labl":"Septiembre 2018","is_missing":null,"stats":[]},{"value":"10","labl":"Octubre 2018","is_missing":null,"stats":[]},{"value":"11","labl":"Noviembre 2018","is_missing":null,"stats":[]},{"value":"12","labl":"Diciembre 2018","is_missing":null,"stats":[]}],"var_codinstr":null,"var_concept":[],"var_format":{"type":"numeric","schema":"other","category":null,"name":null},"var_notes":null,"var_val_range":{"min":"1","max":"12"},"fid":"F21","sid":"642","survey_idno":"DANE-DIMPE-ECSC-2018"}