{"file_id":"F1","vid":"V16","name":"COSECHA_PERDIDA","var_intrvl":"discrete","var_dcml":"0","var_wgt":null,"var_is_wgt":null,"loc_start_pos":"191","loc_end_pos":"191","loc_width":"1","loc_rec_seg_no":"1","labl":"\u00bfCu\u00e1l fue la principal raz\u00f3n, por la que se  perdi\u00f3 la cosecha?","var_imputation":null,"var_security":"El acceso a microdatos y mam-up se considera como de tratamiento especial respecto a la reserva estad\u00edstica por tanto estar\u00e1 sujeto a la reglamentaci\u00f3n que para el efecto defina el comit\u00e9 de aseguramiento de la reserva estad\u00edstica. Resoluci\u00f3n 173 de 2008.","var_resp_unit":"Productores agropecuarios.","var_analysis_unit":null,"var_qstn_preqtxt":null,"var_qstn_qstnlit":"\u00bfCu\u00e1l fue la principal raz\u00f3n, por la que se  perdi\u00f3 la cosecha?\n\n1. Por efectos clim\u00e1ticos \n2. Por insumos caros\n3. Pr\u00e1cticas agr\u00edcolas deficientes\n4. Por falta de asistencia t\u00e9cnica\n5. Por inundaci\u00f3n\n6. Otra Cu\u00e1l?","var_qstn_postqtxt":null,"var_qstn_ivuinstr":null,"var_universe":"Est\u00e1 constituido por toda la zona rural del pa\u00eds, deduciendo la superficie que no es utilizada con fines agropecuarios, la cual est\u00e1 representada aproximadamente por 51 millones de hect\u00e1reas agropecuarias planimetradas.","var_universe_clusion":"I","var_sumstat":[{"value":"0","type":"vald","wgtd":null},{"value":"0","type":"invd","wgtd":null}],"var_txt":null,"var_catgry":[{"value":"1","labl":"Por efectos clim\u00e1ticos","is_missing":null,"stats":[]},{"value":"2","labl":"Por insumos caros","is_missing":null,"stats":[]},{"value":"3","labl":"Pr\u00e1cticas agr\u00edcolas deficientes","is_missing":null,"stats":[]},{"value":"4","labl":"Por falta de asistencia t\u00e9cnica","is_missing":null,"stats":[]},{"value":"5","labl":"Por inundaci\u00f3n","is_missing":null,"stats":[]},{"value":"6","labl":"Otra Cu\u00e1l?","is_missing":null,"stats":[]}],"var_codinstr":null,"var_concept":[],"var_format":{"type":"numeric","schema":"other","category":null,"name":null},"var_notes":null,"var_val_range":{"min":null,"max":null},"fid":"F1","sid":"675","survey_idno":"DANE-DIMPE-ENA-2013-II-SEMESTRE"}