{"file_id":"F7","vid":"V141","name":"P6330","var_intrvl":"discrete","var_dcml":"0","var_wgt":null,"var_is_wgt":null,"loc_start_pos":"37","loc_end_pos":"37","loc_width":"1","loc_rec_seg_no":"1","labl":"Despu\u00e9s de su \u00faltimo empleo, \u00bf.... ha hecho alguna diligencia para conseguir trabajo o instalar un negocio?","var_imputation":null,"var_security":"El acceso a microdatos y Mam-up se considera como de tratamiento especial respecto a la reserva estad\u00edstica por tanto estar\u00e1 sujeto a la reglamentaci\u00f3n que para el efecto defina el Comit\u00e9 de Aseguramiento de la reserva estad\u00edstica. Resoluci\u00f3n 173 de 2008.","var_resp_unit":"Todas las personas mayores de 10 a\u00f1os","var_analysis_unit":null,"var_qstn_preqtxt":"9. Durante los \u00faltimos 12 meses, \u00bf.... trabajo por lo menos dos semanas consecutivas? \n\n1\tSi\n2\tNo","var_qstn_qstnlit":"10. Despu\u00e9s de su \u00faltimo empleo, \u00bf.... ha hecho alguna diligencia para conseguir trabajo o instalar un negocio?\n\n1\tSi\n2\tNo","var_qstn_postqtxt":"11.  Durante los \u00faltimos 12 meses, \u00bf...... ha hecho alguna diligencia para conseguir trabajo o instalar un negocio? \n\n1\tSi\n2\tNo","var_qstn_ivuinstr":"Si la persona responde alternativa 2 (No), pase a cap\u00edtulo F. Turismo","var_universe":"Corresponde a la poblaci\u00f3n civil no institucional residente en las ciudades o \u00e1reas metropolitanas de veinticuatro principales ciudades del pa\u00eds.","var_universe_clusion":"I","var_sumstat":[{"value":"0","type":"vald","wgtd":null},{"value":"0","type":"invd","wgtd":null}],"var_txt":"Esta pregunta va dirigida a las personas que realizaron alg\u00fan trabajo por lo menos durante dos semanas consecutivas en los \u00faltimos doce meses, y determinar si despu\u00e9s de su \u00faltimo trabajo, han realizado diligencias para conseguir trabajo. \n\nDebe aclararse que el criterio de b\u00fasqueda de empleo para las personas que han trabajado por lo menos dos semanas consecutivas, solo se refiere a la b\u00fasqueda despu\u00e9s de este \u00faltimo trabajo. Por tal raz\u00f3n si una persona busc\u00f3 empleo en los meses de julio a octubre de 2009 trabaj\u00f3 desde el 1\u00ba de noviembre de 2009 hasta el 15 de diciembre 2009 y despu\u00e9s de ese \u00faltimo trabajo no ha hecho diligencias para conseguir empleo quedar\u00e1 clasificado como INACTIVO.","var_catgry":[{"value":"1","labl":"Si","is_missing":null,"stats":[]},{"value":"2","labl":"No","is_missing":null,"stats":[]}],"var_codinstr":null,"var_concept":[],"var_format":{"type":"numeric","schema":"other","category":null,"name":null},"var_notes":null,"var_val_range":{"min":"1","max":"2"},"fid":"F7","sid":"682","survey_idno":"DANE-DIMPE-EGIT-2014-2015"}