{"file_id":"F29","vid":"V1058","name":"P1997","var_intrvl":"discrete","var_dcml":"0","var_wgt":null,"var_is_wgt":null,"loc_start_pos":"88","loc_end_pos":"88","loc_width":"1","loc_rec_seg_no":"1","labl":"\u00bfCu\u00e1l fue el principal medio de transporte utilizado para este \u00faltimo viaje realizado el mes ...? (En el cual recorri\u00f3 la mayor distancia)","var_imputation":null,"var_security":"El acceso a microdatos y Mam-up se considera como de tratamiento especial respecto a la reserva estad\u00edstica por tanto estar\u00e1 sujeto a la reglamentaci\u00f3n que para el efecto defina el Comit\u00e9 de Aseguramiento de la reserva estad\u00edstica. Resoluci\u00f3n 173 de 2008.","var_resp_unit":null,"var_analysis_unit":null,"var_qstn_preqtxt":null,"var_qstn_qstnlit":"\u00bfCu\u00e1l fue el principal medio de transporte utilizado para este \u00faltimo viaje realizado el mes ...? (En el cual recorri\u00f3 la mayor distancia)\n\na. A\u00e9reo\t\nb. Acu\u00e1tico\t\nc. Terrestre p\u00fablico\t\nd. Terrestre particular\t\ne. Otro","var_qstn_postqtxt":null,"var_qstn_ivuinstr":"a) A\u00e9reo\nb) Acu\u00e1tico\nc) Terrestre p\u00fablico\nd) Terrestre particular\ne) Otro \u00bfcu\u00e1l?\nVer definiciones medios de transporte en el cap\u00edtulo de turismo 4.11.","var_universe":null,"var_universe_clusion":null,"var_sumstat":[{"value":"0","type":"vald","wgtd":null},{"value":"0","type":"invd","wgtd":null}],"var_txt":"Tiene por objeto determinar el medio de transporte empleado por el viajero durante el viaje; por lo tanto, las opciones de respuesta son\nexcluyentes.","var_catgry":[{"value":"1","labl":"A\u00e9reo","is_missing":null,"stats":[]},{"value":"2","labl":"Acu\u00e1tico","is_missing":null,"stats":[]},{"value":"3","labl":"Terrestre p\u00fablico","is_missing":null,"stats":[]},{"value":"4","labl":"Terrestre particular","is_missing":null,"stats":[]},{"value":"5","labl":"Otro","is_missing":null,"stats":[]}],"var_codinstr":null,"var_concept":[],"var_format":{"type":"numeric","schema":"other","category":null,"name":null},"var_notes":null,"var_val_range":{"min":null,"max":null},"fid":"F29","sid":"690","survey_idno":"DANE-DIMPE-EGIT-2020-I-TRIMESTRE"}