{"file_id":"F1","vid":"V104","name":"ict_8","var_intrvl":"discrete","var_dcml":null,"var_wgt":null,"var_is_wgt":null,"loc_start_pos":"618","loc_end_pos":"625","loc_width":"8","loc_rec_seg_no":"1","labl":"\u00bfHa recibido capacitaci\u00f3n para poder trabajar de manera eficaz desde la casa?","var_imputation":null,"var_security":"El acceso a microdatos y Mam-up se considera como de tratamiento especial respecto a la reserva estad\u00edstica por tanto estar\u00e1 sujeto a la reglamentaci\u00f3n que para el efecto defina el Comit\u00e9 de Aseguramiento de la reserva estad\u00edstica. Resoluci\u00f3n 173 de 2008.","var_resp_unit":null,"var_analysis_unit":null,"var_qstn_preqtxt":null,"var_qstn_qstnlit":"\u00bfHa recibido capacitaci\u00f3n para poder trabajar de manera eficaz desde la casa? (Por ejemplo, en tecnolog\u00edas de informaci\u00f3n y comunicaci\u00f3n o gesti\u00f3n de tiempo) \n\n01= Si \n02= No \n900 = NS\/NR\n\nSI ICT.8= 2 o 900 salta a ICT.10","var_qstn_postqtxt":"\u00bfEn qu\u00e9 temas ha recibido capacitaci\u00f3n?","var_qstn_ivuinstr":"La pregunta indiga si los enceustados han recibido alg\u00fan tipo de capacitaci\u00f3n orientada al trabajo remoto desde el inicio de la pandemia en el mes de marzo de 2020. \n\nSI ICT.8= 2 o 900 salta a ICT.10","var_universe":"Servidores(as) p\u00fablicos(as) y contratistas pertenecientes a las entidades de la Rama ejecutiva del orden nacional, gobernaciones y alcald\u00edas de ciudades capitales.","var_universe_clusion":"I","var_sumstat":[{"value":"0","type":"vald","wgtd":null},{"value":"0","type":"invd","wgtd":null}],"var_txt":null,"var_catgry":[{"value":"1","labl":"S\u00ed","is_missing":null,"stats":[]},{"value":"2","labl":"No, pero me han orientado sobre c\u00f3mo realizar una autoevaluaci\u00f3n de seguridad","is_missing":null,"stats":[]},{"value":"3","labl":"No","is_missing":null,"stats":[]},{"value":"900","labl":"NS\/NR","is_missing":null,"stats":[]}],"var_codinstr":null,"var_concept":[],"var_format":{"type":"character","schema":"other","category":null,"name":null},"var_notes":null,"var_val_range":{"min":null,"max":null},"fid":"F1","sid":"714","survey_idno":"DANE-DIMPE-EDCEPC-2019"}