{"file_id":"F1","vid":"V126","name":"ci_1_a","var_intrvl":"discrete","var_dcml":null,"var_wgt":null,"var_is_wgt":null,"loc_start_pos":"741","loc_end_pos":"743","loc_width":"3","loc_rec_seg_no":"1","labl":"Por favor, indique hasta qu\u00e9 punto est\u00e1 de acuerdo o en desacuerdo con las siguientes afirmaciones:\n\nDurante el teletrabajo o trabajo en casa, mi equipo logra mantener las conexiones informales y la cohesi\u00f3n de grupo (por ejemplo, dedicando el mismo tiempo que en la oficina para conversar y comunicar).","var_imputation":null,"var_security":"El acceso a microdatos y Mam-up se considera como de tratamiento especial respecto a la reserva estad\u00edstica por tanto estar\u00e1 sujeto a la reglamentaci\u00f3n que para el efecto defina el Comit\u00e9 de Aseguramiento de la reserva estad\u00edstica. Resoluci\u00f3n 173 de 2008.","var_resp_unit":null,"var_analysis_unit":null,"var_qstn_preqtxt":"Durante su \u00faltima semana de trabajo, \u00bfcu\u00e1ntas horas trabaj\u00f3 remotamente (por ejemplo, en su casa) para su entidad? \n\nSaltar si CON_1=0","var_qstn_qstnlit":"Por favor, indique hasta qu\u00e9 punto est\u00e1 de acuerdo o en desacuerdo con las siguientes afirmaciones:\n\nDurante el teletrabajo o trabajo en casa, mi equipo logra mantener las conexiones informales y la cohesi\u00f3n de grupo (por ejemplo, dedicando el mismo tiempo que en la oficina para conversar y comunicar).     \n\n01=Muy en desacuerdo \n02=En desacuerdo \n03 =Ni de acuerdo, ni en desacuerdo \n04=De acuerdo \n05=Muy de acuerdo \n900=NS\/NR\nNA=No aplica","var_qstn_postqtxt":null,"var_qstn_ivuinstr":"Es una pregunta que indaga el nivel de acuerdo o desacuerdo frente a temas relacionados con la comunicaci\u00f3n e intereacci\u00f3n con colegas, superiores y en general con la entidad donde laboran, durante la experiencia de trabajo en casa.\n\n\nPregunta sujeta a la respuesta de la pregunta:\nDurante su \u00faltima semana de trabajo, \u00bfcu\u00e1ntas horas trabaj\u00f3 remotamente (por ejemplo, en su casa) para su entidad? \nSaltar si CON_1=0","var_universe":"Servidores(as) p\u00fablicos(as) y contratistas pertenecientes a las entidades de la Rama ejecutiva del orden nacional, gobernaciones y alcald\u00edas de ciudades capitales.\nSe excluyen a los encuestados que en la pregunta con.1= contestaron 0 horas.","var_universe_clusion":"I","var_sumstat":[{"value":"0","type":"vald","wgtd":null},{"value":"0","type":"invd","wgtd":null}],"var_txt":null,"var_catgry":[{"value":"1","labl":"Muy en desacuerdo","is_missing":null,"stats":[]},{"value":"2","labl":"En desacuerdo","is_missing":null,"stats":[]},{"value":"3","labl":"Ni de acuerdo, ni en desacuerdo","is_missing":null,"stats":[]},{"value":"4","labl":"De acuerdo","is_missing":null,"stats":[]},{"value":"5","labl":"Muy de acuerdo","is_missing":null,"stats":[]},{"value":"900","labl":"NS\/NR","is_missing":null,"stats":[]},{"value":"NA","labl":"No aplica","is_missing":null,"stats":[]}],"var_codinstr":null,"var_concept":[],"var_format":{"type":"character","schema":"other","category":null,"name":null},"var_notes":null,"var_val_range":{"min":null,"max":null},"fid":"F1","sid":"714","survey_idno":"DANE-DIMPE-EDCEPC-2019"}