{"file_id":"F1","vid":"V13","name":"idn_9","var_intrvl":"discrete","var_dcml":null,"var_wgt":null,"var_is_wgt":null,"loc_start_pos":"29","loc_end_pos":"36","loc_width":"8","loc_rec_seg_no":"1","labl":"\u00bfEn su hogar tiene que realizar actividades de cuidado de ni\u00f1os, dependientes, o adultos mayores?","var_imputation":null,"var_security":"El acceso a microdatos y Mam-up se considera como de tratamiento especial respecto a la reserva estad\u00edstica por tanto estar\u00e1 sujeto a la reglamentaci\u00f3n que para el efecto defina el Comit\u00e9 de Aseguramiento de la reserva estad\u00edstica. Resoluci\u00f3n 173 de 2008.","var_resp_unit":null,"var_analysis_unit":null,"var_qstn_preqtxt":null,"var_qstn_qstnlit":"\u00bfEn su hogar tiene que realizar actividades de cuidado de ni\u00f1os, dependientes, o adultos mayores? \n\n01=Si \n\n02=No \n\n900= No informa","var_qstn_postqtxt":null,"var_qstn_ivuinstr":"La pregunta busca identificar a las personas que realizan algun tipo de actividad de cuidado durante el trabajo remoto.\nDe acuerdo con los conceptos de la Cuenta sat\u00e9lite econom\u00eda del cuidado del DANE, el  \"Trabajo de cuidados familiares: Comprende aquellas actividades de cuidado de ni\u00f1os, ni\u00f1as, personas dependientes o enfermas, que se realizan en el hogar\nsin recibir remuneraci\u00f3n.\"","var_universe":"Servidores(as) p\u00fablicos(as) y contratistas pertenecientes a las entidades de la Rama ejecutiva del orden nacional, gobernaciones y alcald\u00edas de ciudades capitales.","var_universe_clusion":"I","var_sumstat":[{"value":"0","type":"vald","wgtd":null},{"value":"0","type":"invd","wgtd":null}],"var_txt":null,"var_catgry":[{"value":"1","labl":"Si","is_missing":null,"stats":[]},{"value":"2","labl":"No","is_missing":null,"stats":[]},{"value":"NI","labl":"No informa","is_missing":null,"stats":[]}],"var_codinstr":null,"var_concept":[],"var_format":{"type":"character","schema":"other","category":null,"name":null},"var_notes":null,"var_val_range":{"min":null,"max":null},"fid":"F1","sid":"714","survey_idno":"DANE-DIMPE-EDCEPC-2019"}