{"file_id":"F1","vid":"V179","name":"coin2_b_g","var_intrvl":"discrete","var_dcml":null,"var_wgt":null,"var_is_wgt":null,"loc_start_pos":"935","loc_end_pos":"937","loc_width":"3","loc_rec_seg_no":"1","labl":"Pensando en su futuro laboral, \u00bfcu\u00e1l de las siguientes frases refleja m\u00e1s su pensamiento sobre la entidad?","var_imputation":null,"var_security":"El acceso a microdatos y Mam-up se considera como de tratamiento especial respecto a la reserva estad\u00edstica por tanto estar\u00e1 sujeto a la reglamentaci\u00f3n que para el efecto defina el Comit\u00e9 de Aseguramiento de la reserva estad\u00edstica. Resoluci\u00f3n 173 de 2008.","var_resp_unit":null,"var_analysis_unit":null,"var_qstn_preqtxt":null,"var_qstn_qstnlit":"Pensando en su futuro laboral, \u00bfcu\u00e1l de las siguientes frases refleja m\u00e1s su pensamiento sobre la entidad?\n\n01= Quisiera dejar esta entidad lo m\u00e1s pronto posible. \n02= Quisiera dejar esta entidad en los pr\u00f3ximos doce meses. \n03= Quisiera permanecer en esta entidad al menos los pr\u00f3ximos tres a\u00f1os. \n04= Quisiera continuar el resto de mi carrera laboral en esta entidad. \n99= NS\/NR  \nNA= No aplica","var_qstn_postqtxt":null,"var_qstn_ivuinstr":"Es una pregunta que busca conocer actitudes de los servidores(as) y contratistas frente a su trabajo en el sector p\u00fablico.\nEsta preguntas se tomaron de la Encuesta sobre Ambiente y Desempe\u00f1o Institucional  EDI 2019.\nComo parte de un ejercicio para futuras mediciones, en esta pregunta se probaron diferentes tiposde escala de respuesta por un lado la escala utilizada por el DANE en la EDI y por otra, la escala utilizada por la encuesta global a funcionarios p\u00fablicos del Banco Mundial.\n\nLas respuesta con difentes escalas se determin\u00f3 aleatoriamente para la prueba sobre de acuerdo a las opciones de respuesta disponibles.  \n\nEscala utilizada por DANE. \n05= Totalmente de acuerdo \n04= De acuerdo \n02= En desacuerdo \n01= Totalmente en desacuerdo \n99= NS\/NR  \n\nEscala utilizada por BM \n01=Muy en desacuerdo \n02=En desacuerdo \n03=Ni de acuerdo, ni en desacuerdo \n04=De acuerdo \n05=Muy de acuerdo \n900=NS\/NR  \n\n\nEsta pregunta, adicionalmente se aplico de manera aleatoria, se le pregunt\u00f3 a quienes no contestaron las preguntas\ncoin1_d_X - coin1_b_X o coin2_d_X","var_universe":"Servidores(as) p\u00fablicos(as) y contratistas pertenecientes a las entidades de la Rama ejecutiva del orden nacional, gobernaciones y alcald\u00edas de ciudades capitales.\nComo parte de un ejercicio para futuras mediciones, en esta pregunta se probaron diferentes tiposde escala de respuesta por un lado la escala utilizada por el DANE en la EDI y por otra, la escala utilizada por la encuesta global a funcionarios p\u00fablicos del Banco Mundial.\n\nLas respuesta con difentes escalas se determin\u00f3 aleatoriamente para la prueba sobre de acuerdo a las opciones de respuesta disponibles.  \nLos c\u00f3digos para este bloque de preguntas se distinguen de acuerdo al tipo de escala utilizada\n\n\nEscala utilizada por DANE\ncoin1_d_X - coin2_d_a \n05= Totalmente de acuerdo \n04= De acuerdo \n02= En desacuerdo \n01= Totalmente en desacuerdo \n99= NS\/NR  \n\n\nEscala utilizada por BM \ncoin1_b_X - coin2_b_a\n01=Muy en desacuerdo \n02=En desacuerdo \n03=Ni de acuerdo, ni en desacuerdo \n04=De acuerdo \n05=Muy de acuerdo \n900=NS\/NR  \n\n\nEsta pregunta, adicionalmente se aplico de manera aleatoria, se le pregunt\u00f3 a quienes no contestaron las preguntas\ncoin1_d_X - coin1_b_X o coin2_d_X","var_universe_clusion":"I","var_sumstat":[{"value":"0","type":"vald","wgtd":null},{"value":"0","type":"invd","wgtd":null}],"var_txt":null,"var_catgry":[{"value":"1","labl":"Quisiera dejar esta entidad lo m\u00e1s pronto posible.","is_missing":null,"stats":[]},{"value":"2","labl":"Quisiera dejar esta entidad en los pr\u00f3ximos doce meses.","is_missing":null,"stats":[]},{"value":"3","labl":"Quisiera permanecer en esta entidad al menos los pr\u00f3ximos tres a\u00f1os.","is_missing":null,"stats":[]},{"value":"4","labl":"Quisiera continuar el resto de mi carrera laboral en esta entidad.","is_missing":null,"stats":[]},{"value":"900","labl":"NS\/NR","is_missing":null,"stats":[]},{"value":"NA","labl":"No aplica","is_missing":null,"stats":[]}],"var_codinstr":null,"var_concept":[],"var_format":{"type":"character","schema":"other","category":null,"name":null},"var_notes":null,"var_val_range":{"min":null,"max":null},"fid":"F1","sid":"714","survey_idno":"DANE-DIMPE-EDCEPC-2019"}