{"file_id":"F1","vid":"V20","name":"con_3","var_intrvl":"discrete","var_dcml":null,"var_wgt":null,"var_is_wgt":null,"loc_start_pos":"43","loc_end_pos":"50","loc_width":"8","loc_rec_seg_no":"1","labl":"Desde el inicio de la pandemia en Colombia (marzo de 2020) dir\u00eda que su carga de trabajo ha:","var_imputation":null,"var_security":"El acceso a microdatos y Mam-up se considera como de tratamiento especial respecto a la reserva estad\u00edstica por tanto estar\u00e1 sujeto a la reglamentaci\u00f3n que para el efecto defina el Comit\u00e9 de Aseguramiento de la reserva estad\u00edstica. Resoluci\u00f3n 173 de 2008.","var_resp_unit":null,"var_analysis_unit":null,"var_qstn_preqtxt":null,"var_qstn_qstnlit":"Desde el inicio de la pandemia en Colombia (marzo de 2020) dir\u00eda que su carga de trabajo ha: \n\n01= Aumentado \n\n02= Disminuido \n\n03= Sigue igual \n\n900=NR \/ NR","var_qstn_postqtxt":null,"var_qstn_ivuinstr":"La pregunta indiga la percepci\u00f3n de los encuestados sobre el volumen de su carga laboral desde el inicio de la plandemia en el mes de marzo de 2020.","var_universe":"Servidores(as) p\u00fablicos(as) y contratistas pertenecientes a las entidades de la Rama ejecutiva del orden nacional, gobernaciones y alcald\u00edas de ciudades capitales.","var_universe_clusion":"I","var_sumstat":[{"value":"0","type":"vald","wgtd":null},{"value":"0","type":"invd","wgtd":null}],"var_txt":null,"var_catgry":[{"value":"1","labl":"Aumentado","is_missing":null,"stats":[]},{"value":"2","labl":"Disminuido","is_missing":null,"stats":[]},{"value":"3","labl":"Sigue igual","is_missing":null,"stats":[]},{"value":"900","labl":"NS\/NR","is_missing":null,"stats":[]}],"var_codinstr":null,"var_concept":[],"var_format":{"type":"character","schema":"other","category":null,"name":null},"var_notes":null,"var_val_range":{"min":null,"max":null},"fid":"F1","sid":"714","survey_idno":"DANE-DIMPE-EDCEPC-2019"}