{"file_id":"F28","vid":"V1000","name":"P1998","var_intrvl":"discrete","var_dcml":"0","var_wgt":null,"var_is_wgt":null,"loc_start_pos":"39","loc_end_pos":"39","loc_width":"1","loc_rec_seg_no":"1","labl":"\u00bfCu\u00e1l fue el motivo principal por el que no realiz\u00f3 viajes pasando m\u00ednimo una noche fuera de su residencia habitual el mes ... ?","var_imputation":null,"var_security":null,"var_resp_unit":null,"var_analysis_unit":null,"var_qstn_preqtxt":null,"var_qstn_qstnlit":"\u00bfCu\u00e1l fue el motivo principal por el que no realiz\u00f3 viajes pasando m\u00ednimo una noche fuera de su residencia habitual el mes ... ?\n\na. No estaba interesado\t\nb. Motivos econ\u00f3micos\t\nc. Viajar le parece costoso\t\nd. No ten\u00eda  tiempo\t\ne. Factores clim\u00e1ticos\t\nf. Por razones de seguridad\t\ng. Otro \t\nh. Por emergencia sanitaria COVID-19","var_qstn_postqtxt":null,"var_qstn_ivuinstr":"Las opciones de respuesta son excluyentes.\na. No estaba interesado\nb. Motivos econ\u00f3micos\nc. Viajar le parece costoso\nd. No ten\u00eda tiempo\ne. Factores clim\u00e1ticos\nf. Por razones de seguridad\ng. Por emergencia sanitaria COVID -19\nh. otro \u00bfcual?\n\nVer definiciones motivos de no viaje en el cap\u00edtulo de turismo 4.11.","var_universe":null,"var_universe_clusion":null,"var_sumstat":[{"value":"0","type":"vald","wgtd":null},{"value":"40232","type":"invd","wgtd":null}],"var_txt":"A esta pregunta llegar\u00e1n \u00fanicamente las personas que en la pregunta 1 respondieron negativamente a la realizaci\u00f3n de viajes en el mes anterior al mes de referencia, con el fin de indagar las principales razones por las cuales no realiz\u00f3 viajes.","var_catgry":[{"value":"1","labl":"No estaba interesado","is_missing":null,"stats":[{"value":"0","type":"freq","wgtd":null}]},{"value":"2","labl":"Motivos econ\u00f3micos","is_missing":null,"stats":[{"value":"0","type":"freq","wgtd":null}]},{"value":"3","labl":"Viajar le parece costoso","is_missing":null,"stats":[{"value":"0","type":"freq","wgtd":null}]},{"value":"4","labl":"No ten\u00eda  tiempo","is_missing":null,"stats":[{"value":"0","type":"freq","wgtd":null}]},{"value":"5","labl":"Factores clim\u00e1ticos","is_missing":null,"stats":[{"value":"0","type":"freq","wgtd":null}]},{"value":"6","labl":"Por razones de seguridad","is_missing":null,"stats":[{"value":"0","type":"freq","wgtd":null}]},{"value":"7","labl":"Otro","is_missing":null,"stats":[{"value":"0","type":"freq","wgtd":null}]},{"value":"8","labl":"Por emergencia sanitaria COVID-19","is_missing":null,"stats":[{"value":"0","type":"freq","wgtd":null}]},{"value":"Sysmiss","labl":null,"is_missing":"Y","stats":[{"value":"40232","type":"freq","wgtd":null}]}],"var_codinstr":null,"var_concept":[],"var_format":{"type":"numeric","schema":"other","category":null,"name":null},"var_notes":null,"var_val_range":{"min":null,"max":null},"fid":"F28","sid":"715","survey_idno":"DANE-DIMPE-EGIT-2021"}