{"file_id":"F21","vid":"V648","name":"P38S1","var_intrvl":"discrete","var_dcml":"0","var_wgt":null,"var_is_wgt":null,"loc_start_pos":"37","loc_end_pos":"37","loc_width":"1","loc_rec_seg_no":"1","labl":"Estos gastos corresponden a: Servicios p\u00fablicos","var_imputation":null,"var_security":"El acceso a microdatos y Mam-up se considera como de tratamiento especial respecto a la reserva estad\u00edstica por tanto estar\u00e1 sujeto a la reglamentaci\u00f3n que para el efecto defina el Comit\u00e9 de Aseguramiento de la reserva estad\u00edstica. Resoluci\u00f3n 173 de 2008.","var_resp_unit":"Para todos los hogares de la vivienda, para el (la) jefe (a) del hogar o su c\u00f3nyuge","var_analysis_unit":null,"var_qstn_preqtxt":"2. \u00bfDurante el mes pasado usted tuvo gastos relacionados con esa vivienda <...>?\n\n1. Si\n2. No","var_qstn_qstnlit":"3. Estos gastos corresponden a:\n\na. Servicios p\u00fablicos\n\n1. Si\n2. No","var_qstn_postqtxt":"3. Estos gastos corresponden a:\n\na. Servicios p\u00fablicos\n\n$Valor","var_qstn_ivuinstr":"a. Servicios p\u00fablicos: El pago por concepto de energ\u00eda el\u00e9ctrica, gas, agua y alcantarillado, y servicio de tel\u00e9fono, sin importar a qu\u00e9 n\u00famero de meses corresponde el pago.","var_universe":"Corresponde a la poblaci\u00f3n civil no institucional residente en las ciudades o \u00e1reas metropolitanas de veinticuatro ciudades del pa\u00eds.","var_universe_clusion":"I","var_sumstat":[{"value":"103","type":"vald","wgtd":null},{"value":"38","type":"invd","wgtd":null},{"value":"1","type":"min","wgtd":null},{"value":"2","type":"max","wgtd":null},{"value":"1.058","type":"mean","wgtd":null},{"value":"0.235","type":"stdev","wgtd":null}],"var_txt":"Esta pregunta busca indagar por los diferentes gastos relacionados con la tenencia o conservaci\u00f3n de la vivienda que el hogar posee para uso recreativo.","var_catgry":[{"value":"1","labl":"Si","is_missing":null,"stats":[{"value":"97","type":"freq","wgtd":null}]},{"value":"2","labl":"No","is_missing":null,"stats":[{"value":"6","type":"freq","wgtd":null}]},{"value":"Sysmiss","labl":null,"is_missing":"Y","stats":[{"value":"38","type":"freq","wgtd":null}]}],"var_codinstr":null,"var_concept":[],"var_format":{"type":"numeric","schema":"other","category":null,"name":null},"var_notes":null,"var_val_range":{"min":"1","max":"2"},"fid":"F21","sid":"715","survey_idno":"DANE-DIMPE-EGIT-2021"}