{"file_id":"F25","vid":"V778","name":"P7579","var_intrvl":"discrete","var_dcml":"0","var_wgt":null,"var_is_wgt":null,"loc_start_pos":"123","loc_end_pos":"123","loc_width":"1","loc_rec_seg_no":"1","labl":"\u00bfCu\u00e1l fue el motivo principal por el que no realiz\u00f3 viajes el mes ..., pasando m\u00ednimo una noche fuera de su residencia habitual?","var_imputation":null,"var_security":"El acceso a microdatos y Mam-up se considera como de tratamiento especial respecto a la reserva estad\u00edstica por tanto estar\u00e1 sujeto a la reglamentaci\u00f3n que para el efecto defina el Comit\u00e9 de Aseguramiento de la reserva estad\u00edstica. Resoluci\u00f3n 173 de 2008.","var_resp_unit":"Personas de 10 a\u00f1os y mas","var_analysis_unit":null,"var_qstn_preqtxt":"2. Estos viajes, \u00bflos realiz\u00f3 dentro o fuera del pa\u00eds?\n\nb. Dentro del pa\u00eds\n\n1. Si\n2. No","var_qstn_qstnlit":"13. \u00bfCu\u00e1l fue el motivo principal por el que no realiz\u00f3 viajes el mes ..., pasando m\u00ednimo una noche fuera de su residencia habitual??\n\n1. No estaba interesado\t\n2. Motivos econ\u00f3micos\t\n3. Viajar le parece costoso\t\n4. No ten\u00eda  tiempo\t\n5. Factores clim\u00e1ticos\t\n6. Por razones de seguridad\t\n7. Otro\t\n8. Por emergencia sanitaria COVID-19","var_qstn_postqtxt":null,"var_qstn_ivuinstr":"Las opciones de respuesta son:\na. No estaba interesado. Marque esta opci\u00f3n si la persona manifest\u00f3 que no hubo intensi\u00f3n de viaje porque no estaba interesado; pudo ser porque no ten\u00eda planeado viajar en el periodo de referencia, porque ya hab\u00eda realizado un viaje en otro periodo de referencia, porque estaba realizando viaje fuera del pa\u00eds, porque ten\u00eda alg\u00fan viaje planificado en el futuro, etc.\n\nb. Motivos econ\u00f3micos. Marque esta opci\u00f3n si la persona manifiesta que el motivo principal por el que no realiz\u00f3 viajes en el periodo de referencia fue por motivos econ\u00f3micos, puede ser porque no cuenta con los recursos para realizar viajes, porque ya gast\u00f3 sus ahorros o no ahorr\u00f3 para realizar viajes, en general no dispone de recursos econ\u00f3micos para realizar viajes de turismo.\n\nc. Viajar le parece costoso. Marque esta opci\u00f3n si la persona manifiesta que realizar turismo es costoso, independientemente de si la persona tiene los recursos o no, en general considera que aunque tenga el dinero decidi\u00f3 no realizar viajes por considerarlo costoso.\n\nd. No ten\u00eda tiempo. Marque esta opci\u00f3n si la persona manifiesta no haber tenido tiempo para realizar viajes aunque hubiera querido, de pronto porque no coincid\u00eda con su periodo de vacaciones laborales, estudiantiles u otras ocupaciones.\n\ne. Factores clim\u00e1ticos. Marque esta opci\u00f3n si la persona manifiesta que no realiz\u00f3 viajes por factores clim\u00e1ticos, puede ser que tuviera pensado viajar a un destino pero en el momento de referencia el lugar de destino se encontraba en temporada de lluvias o inundaciones y por ello decidi\u00f3 no realizar el viaje.\n\nf. Por razones de seguridad. Marque esta opci\u00f3n si la persona manifiesta no haber realizado viajes por cuestiones relacionadas con su seguridad, si considera que al movilizarse de un lugar a otro puede verse afectada su seguridad o la de sus bienes en el lugar de destino o de residencia. Ejemplo: la persona no realiz\u00f3 viajes y manifiesta como raz\u00f3n principal no poder dejar su vivienda sola.\n\ng. Por emergencia sanitaria- COVID -19. Marque esta opci\u00f3n \u00fanicamente si la persona manifiesta estrictamente no haber realizado viajes durante el periodo de referencia por la emergencia del COVID-19. Es necesario asegurarse que la persona haya programado un viaje o hubiera presentado la intenci\u00f3n de viajar por turismo en el periodo de referencia, pero se haya visto obligado a cancelarlo o posponerlo en el marco de las restricciones de movilidad, distanciamiento social y confinamiento impuestas por la Emergencia Sanitaria. Es v\u00e1lido marcar esta opci\u00f3n si la persona ten\u00eda intenciones de viajar pero decidi\u00f3 no exponerse al riesgo de contagio, cuidar de su salud o cumplir los decretos del Gobierno Nacional en la coyuntura por COVID-19.\n\nEs importante tener en cuenta que, posiblemente, muchas personas puedan argumentar en estos meses de referencia en los que se retoma la operaci\u00f3n que no se pod\u00eda hacer turismo por culpa del COVID-19, sin embargo, se deben establecer realmente las intenciones que ten\u00edan las personas en viajar. Ejemplo: Si la persona dice que ten\u00eda pensado viajar para visitar a familiares en otra ciudad pero no pudo hacerlo por la Emergencia Sanitaria, entonces marque esta opci\u00f3n de respuesta.\n\nh. Otro \u00bfcu\u00e1l? Otra opci\u00f3n distinta a las anteriormente mencionadas.","var_universe":"Corresponde a la poblaci\u00f3n civil no institucional residente en las ciudades o \u00e1reas metropolitanas de veinticuatro ciudades del pa\u00eds.","var_universe_clusion":"I","var_sumstat":[{"value":"31984","type":"vald","wgtd":null},{"value":"133","type":"invd","wgtd":null},{"value":"1","type":"min","wgtd":null},{"value":"8","type":"max","wgtd":null},{"value":"4.171","type":"mean","wgtd":null},{"value":"3.048","type":"stdev","wgtd":null}],"var_txt":"A esta pregunta llegar\u00e1n \u00fanicamente las personas que en la pregunta 1 \u00f3 pregunta 2b respondieron negativamente a la realizaci\u00f3n de viajes, con el fin de indagar las principales razones por las cuales la persona no realiz\u00f3 viajes. Las opciones de respuesta son excluyentes.","var_catgry":[{"value":"1","labl":"No estaba interesado","is_missing":null,"stats":[{"value":"6899","type":"freq","wgtd":null}]},{"value":"2","labl":"Motivos econ\u00f3micos","is_missing":null,"stats":[{"value":"10999","type":"freq","wgtd":null}]},{"value":"3","labl":"Viajar le parece costoso","is_missing":null,"stats":[{"value":"207","type":"freq","wgtd":null}]},{"value":"4","labl":"No ten\u00eda  tiempo","is_missing":null,"stats":[{"value":"1628","type":"freq","wgtd":null}]},{"value":"5","labl":"Factores clim\u00e1ticos","is_missing":null,"stats":[{"value":"0","type":"freq","wgtd":null}]},{"value":"6","labl":"Por razones de seguridad","is_missing":null,"stats":[{"value":"128","type":"freq","wgtd":null}]},{"value":"7","labl":"Otro","is_missing":null,"stats":[{"value":"374","type":"freq","wgtd":null}]},{"value":"8","labl":"Por emergencia sanitaria COVID-19","is_missing":null,"stats":[{"value":"11749","type":"freq","wgtd":null}]},{"value":"Sysmiss","labl":null,"is_missing":"Y","stats":[{"value":"133","type":"freq","wgtd":null}]}],"var_codinstr":null,"var_concept":[],"var_format":{"type":"numeric","schema":"other","category":null,"name":null},"var_notes":null,"var_val_range":{"min":"1","max":"7"},"fid":"F25","sid":"715","survey_idno":"DANE-DIMPE-EGIT-2021"}