{"file_id":"F26","vid":"V868","name":"P1989","var_intrvl":"discrete","var_dcml":"0","var_wgt":null,"var_is_wgt":null,"loc_start_pos":"58","loc_end_pos":"58","loc_width":"1","loc_rec_seg_no":"1","labl":"La vivienda ocupada por este hogar es:","var_imputation":null,"var_security":"El acceso a microdatos y mam-up se considera como de tratamiento especial respecto a la reserva estad\u00edstica por tanto estar\u00e1 sujeto a la reglamentaci\u00f3n que para el efecto defina el comit\u00e9 de aseguramiento de la reserva estad\u00edstica. Resoluci\u00f3n 173 de 2008.","var_resp_unit":"Responde el cap\u00edtulo el jefe (a) del hogar o su c\u00f3nyugue.","var_analysis_unit":null,"var_qstn_preqtxt":null,"var_qstn_qstnlit":"3. La vivienda ocupada por este hogar es:\n\n1. Propia\n2. En arriendo o subarriendo\n3. En usufructo\n4. Otra forma de tenencia (posesi\u00f3n sin t\u00edtulo,  ocupante de hecho, propiedad colectiva)","var_qstn_postqtxt":null,"var_qstn_ivuinstr":null,"var_universe":"Est\u00e1 compuesto por la poblaci\u00f3n civil no institucional residente habitual de los hogares en todo el territorio nacional.","var_universe_clusion":"I","var_sumstat":[{"value":"0","type":"vald","wgtd":null},{"value":"0","type":"invd","wgtd":null}],"var_txt":null,"var_catgry":[{"value":"1","labl":"Propia","is_missing":null,"stats":[]},{"value":"2","labl":"En arriendo o subarriendo","is_missing":null,"stats":[]},{"value":"3","labl":"En usufructo","is_missing":null,"stats":[]},{"value":"4","labl":"Otra forma de tenencia (posesi\u00f3n sin t\u00edtulo,  ocupante de hecho, propiedad colectiva)","is_missing":null,"stats":[]}],"var_codinstr":null,"var_concept":[],"var_format":{"type":"numeric","schema":"other","category":null,"name":null},"var_notes":null,"var_val_range":{"min":"1","max":"4"},"fid":"F26","sid":"727","survey_idno":"DANE-DIMPE-ECSC-2020"}