{"file_id":"F16","vid":"V1444","name":"P1173_3","var_intrvl":"discrete","var_dcml":"0","var_wgt":null,"var_is_wgt":null,"loc_start_pos":"113","loc_end_pos":"120","loc_width":"8","loc_rec_seg_no":"1","labl":"\u00bfUsted considera que la comunidad en que vive es campesina?","var_imputation":null,"var_security":"El acceso a microdatos y Mam-up se considera como de tratamiento especial respecto a la reserva estad\u00edstica por tanto estar\u00e1 sujeto a la reglamentaci\u00f3n que para el efecto defina el Comit\u00e9 de Aseguramiento de la reserva estad\u00edstica. Resoluci\u00f3n 173 de 2008.","var_resp_unit":"Se debe comenzar por el\/la jefe\/a del hogar, y se contin\u00faa con el registro de las dem\u00e1s personas del hogar, hasta entrevistarlas a todas.\nLa informaci\u00f3n la suministra directamente cada una de las personas de 15 a\u00f1os y m\u00e1s. \nEn el caso de personas que por su condici\u00f3n de discapacidad no est\u00e9n en posibilidades de brindar la informaci\u00f3n, esta podr\u00e1 ser suministrada por la persona mayor de 18 a\u00f1os encargada de su cuidado.","var_analysis_unit":null,"var_qstn_preqtxt":null,"var_qstn_qstnlit":"D.6.3. \u00bfUsted considera que la comunidad en que vive es campesina?\n\n1\tSi\n2\tNo\n9\tNo sabe, no informa","var_qstn_postqtxt":null,"var_qstn_ivuinstr":"Esta pregunta se aplica a todas las personas de 15 a\u00f1os y m\u00e1s, independientemente de donde residan y de lo que hayan respondido previamente.","var_universe":"El universo para la Encuesta Nacional de Uso del Tiempo est\u00e1 conformado por la poblaci\u00f3n civil no institucional residente en todo el territorio nacional. \n\nEste cap\u00edtulo va dirigido a todas las personas del hogar.","var_universe_clusion":"I","var_sumstat":[{"value":"0","type":"vald","wgtd":null},{"value":"0","type":"invd","wgtd":null}],"var_txt":null,"var_catgry":[{"value":"1","labl":"Si","is_missing":null,"stats":[]},{"value":"2","labl":"No","is_missing":null,"stats":[]},{"value":"9","labl":"No sabe, no informa","is_missing":null,"stats":[]}],"var_codinstr":null,"var_concept":[],"var_format":{"type":"numeric","schema":"other","category":null,"name":null},"var_notes":null,"var_val_range":{"min":"1","max":"9"},"fid":"F16","sid":"729","survey_idno":"DANE-DIMPE-ENUT-2020-2021"}